{"id":9996,"date":"2025-07-09T07:44:14","date_gmt":"2025-07-09T07:44:14","guid":{"rendered":"https:\/\/www.adiestradorcanino.com\/webdelperro\/asturias\/gijon\/adiestramiento-canino-peluqueria-guarderia-y-educacion-canina-pelos-patas-en-gijon-asturias\/"},"modified":"2025-07-09T07:44:14","modified_gmt":"2025-07-09T07:44:14","slug":"adiestramiento-canino-peluqueria-guarderia-y-educacion-canina-pelos-patas-en-gijon-asturias","status":"publish","type":"page","link":"https:\/\/www.adiestradorcanino.com\/webdelperro\/asturias\/gijon\/adiestramiento-canino-peluqueria-guarderia-y-educacion-canina-pelos-patas-en-gijon-asturias\/","title":{"rendered":"Adiestramiento canino Peluquer\u00eda, Guarder\u00eda Y Educaci\u00f3n Canina Pelos &amp; Patas en Gij\u00f3n, Asturias"},"content":{"rendered":"\n<p>En caso de que buscas en la b\u00fasqueda un espacio de confianza para el el adiestramiento canino dentro de Gij\u00f3n,  Peluquer\u00eda, Guarder\u00eda Y Educaci\u00f3n Canina Pelos &amp; Patas representa una opci\u00f3n destacada. Este lugar trabaja con perros de cualquier edad y raza, siempre utilizando con amigables y tambi\u00e9n \u00fatiles.<\/p>\n\n\n\n<h2 class=\"wp-block-heading has-text-align-left nombreclinica\">Peluquer\u00eda, Guarder\u00eda Y Educaci\u00f3n Canina Pelos &amp; Patas<\/h2>\n\n\n\n<div class=\"wp-block-group is-layout-constrained wp-block-group-is-layout-constrained\">\n<div class=\"wp-block-columns nc-clase-ficha is-layout-flex wp-container-core-columns-is-layout-9d6595d7 wp-block-columns-is-layout-flex\">\n<div class=\"wp-block-column is-vertically-aligned-center is-layout-flow wp-block-column-is-layout-flow\">\n<figure class=\"wp-block-image size-full\"><img decoding=\"async\" src=\"https:\/\/www.adiestradorcanino.com\/webdelperro\/wp-content\/uploads\/2025\/07\/Peluqueria-Guarderia-Y-Educacion-Canina-Pelos-Patas.jpg\" alt=\"Peluquer\u00eda, Guarder\u00eda Y Educaci\u00f3n Canina Pelos &amp; Patas\" class=\"wp-image-19766\"\/><\/figure>\n\n\n\n<p>Entre los servicios m\u00e1s solicitados est\u00e1n la entrenamiento de obediencia, la modificaci\u00f3n de comportamientos no deseados, la socializaci\u00f3n con otros animales y las sesiones especiales para cachorros. Adem\u00e1s, en nuestro centro se adaptan a las necesidades concretas de cada hogar y su animal.<\/p>\n<\/div>\n\n\n\n<div class=\"wp-block-column is-vertically-aligned-center is-layout-flow wp-block-column-is-layout-flow\">\n<div class=\"su-service\"><div class=\"su-service-title\" style=\"padding-left:46px;min-height:32px;line-height:32px\"><i class=\"sui sui-user\" style=\"font-size:32px;color:#2471a3\"><\/i> <strong>Nombre<\/strong><\/div><div class=\"su-service-content su-u-clearfix su-u-trim\" style=\"padding-left:46px\">Peluquer\u00eda, Guarder\u00eda Y Educaci\u00f3n Canina Pelos &amp; Patas<\/div><\/div>\n\n\n\n<div class=\"su-service\"><div class=\"su-service-title\" style=\"padding-left:46px;min-height:32px;line-height:32px\"><i class=\"sui sui-map-marker\" style=\"font-size:32px;color:#2471a3\"><\/i> <strong>Direcci\u00f3n<\/strong><\/div><div class=\"su-service-content su-u-clearfix su-u-trim\" style=\"padding-left:46px\">Tr.\u00aa del Convento, 8, Bajo, Centro, 33202 Gij\u00f3n, Asturias<\/div><\/div>\n\n\n\n<div class=\"su-service\"><div class=\"su-service-title\" style=\"padding-left:46px;min-height:32px;line-height:32px\"><i class=\"sui sui-volume-control-phone\" style=\"font-size:32px;color:#2471a3\"><\/i> <strong>Tel\u00e9fono<\/strong><\/div><div class=\"su-service-content su-u-clearfix su-u-trim\" style=\"padding-left:46px\">984 19 17 72<\/div><\/div>\n\n\n\n<div class=\"su-service\"><div class=\"su-service-title\" style=\"padding-left:46px;min-height:32px;line-height:32px\"><i class=\"sui sui-globe\" style=\"font-size:32px;color:#2471a3\"><\/i> <strong>Sitio web<\/strong><\/div><div class=\"su-service-content su-u-clearfix su-u-trim\" style=\"padding-left:46px\">https:\/\/www.pelosypatas.es\/<\/div><\/div>\n\n\n\n<div class=\"su-service\"><div class=\"su-service-title\" style=\"padding-left:46px;min-height:32px;line-height:32px\"><i class=\"sui sui-star\" style=\"font-size:32px;color:#2471a3\"><\/i> Valoraci\u00f3n de los clientes<\/div><div class=\"su-service-content su-u-clearfix su-u-trim\" style=\"padding-left:46px\">4.9 \/ 5 (148)<\/div><\/div>\n<\/div>\n<\/div>\n<\/div>\n\n\n\n<div class=\"wp-block-columns is-layout-flex wp-container-core-columns-is-layout-9d6595d7 wp-block-columns-is-layout-flex\">\n<div class=\"wp-block-column mapa2 is-layout-flow wp-block-column-is-layout-flow\">\n<h2 class=\"wp-block-heading\">Ubicaci\u00f3n de Peluquer\u00eda, Guarder\u00eda Y Educaci\u00f3n Canina Pelos &amp; Patas<\/h2>\n\n\n\n<div class=\"su-gmap su-u-responsive-media-yes mapa\"><iframe loading=\"lazy\" width=\"600\" height=\"280\" src=\"\/\/maps.google.com\/maps?q=Peluquer%C3%ADa%2C%20Guarder%C3%ADa%20Y%20Educaci%C3%B3n%20Canina%20Pelos%20%26amp%3B%20Patas%2C%20Tr.%C2%AA%20del%20Convento%2C%208%2C%20Bajo%2C%20Centro%2C%2033202%20Gij%C3%B3n%2C%20Asturias&amp;output=embed&amp;z=20\" title=\"\"><\/iframe><\/div>\n\n\n\n<h2 class=\"wp-block-heading\">Horarios de Peluquer\u00eda, Guarder\u00eda Y Educaci\u00f3n Canina Pelos &amp; Patas<\/h2>\n\n\n\n<figure class=\"wp-block-table\"><table><tbody><tr><td><strong>Lunes<\/strong><\/td><td>lunes: 10:30\u201314:00, 16:30\u201320:00<\/td><\/tr><tr><td><strong>Martes<\/strong><\/td><td>martes: 10:30\u201314:00, 16:30\u201320:00<\/td><\/tr><tr><td><strong>Mi\u00e9rcoles<\/strong><\/td><td>mi\u00e9rcoles: 10:30\u201314:00, 16:30\u201320:00<\/td><\/tr><tr><td><strong>Jueves<\/strong><\/td><td>jueves: 10:30\u201314:00, 16:30\u201320:00<\/td><\/tr><tr><td><strong>Viernes<\/strong><\/td><td>viernes: 10:30\u201314:00, 16:30\u201320:00<\/td><\/tr><tr><td><strong>S\u00e1bado<\/strong><\/td><td>s\u00e1bado: Cerrado<\/td><\/tr><tr><td><strong>Domingo<\/strong><\/td><td>domingo: Cerrado<\/td><\/tr><\/tbody><\/table><\/figure>\n\n\n\n<h2 class=\"wp-block-heading\">Tel\u00e9fono de Peluquer\u00eda, Guarder\u00eda Y Educaci\u00f3n Canina Pelos &amp; Patas<\/h2>\n\n\n\n<p>Si quieres comunicarte con <strong>Peluquer\u00eda, Guarder\u00eda Y Educaci\u00f3n Canina Pelos &amp; Patas<\/strong>, puedes hacerlo directamente llamando al siguiente n\u00famero:<\/p>\n\n\n\n<div class=\"wp-block-buttons is-content-justification-center is-layout-flex wp-container-core-buttons-is-layout-16018d1d wp-block-buttons-is-layout-flex\">\n<div class=\"wp-block-button is-style-fill\"><a class=\"wp-block-button__link has-background has-medium-font-size has-custom-font-size wp-element-button\" href=\"tel:984 19 17 72\" style=\"border-radius:6px;background-color:#2471a3\">Llamar ahora<\/a><\/div>\n<\/div>\n\n\n\n<h2 class=\"wp-block-heading\">M\u00e1s informaci\u00f3n<\/h2>\n\n\n\n<p>En el coraz\u00f3n de Gij\u00f3n, Asturias, se encuentra el centro de adiestramiento canino Pelos &#038; Patas, ubicado en Tr.\u00aa del Convento, 8, Bajo, Centro, 33202 Gij\u00f3n. Este espacio se especializa en ofrecer servicios integrales que incluyen peluquer\u00eda, guarder\u00eda y educaci\u00f3n canina, dise\u00f1ados para satisfacer todas las necesidades de tu mascota. Nuestros adiestradores de perros en Asturias cuentan con una amplia experiencia en t\u00e9cnicas de adiestramiento que abarcan desde la obediencia b\u00e1sica hasta la socializaci\u00f3n y la modificaci\u00f3n de conducta. En Pelos &#038; Patas, entendemos que cada perro es \u00fanico, por lo que adaptamos nuestros m\u00e9todos para asegurar un aprendizaje efectivo y divertido. Nuestro enfoque cercano y personalizado, combinado con un ambiente seguro y estimulante, hace que seamos la opci\u00f3n preferida para quienes buscan adiestrar perros en Gij\u00f3n. Conf\u00eda en nosotros para brindarle a tu compa\u00f1ero peludo la educaci\u00f3n que se merece, y descubre por qu\u00e9 somos el centro de adiestramiento canino que destaca en Asturias.<\/p>\n\n\n\n<p>Situado en Tr.\u00aa del Convento, 8, Bajo, Centro, 33202 Gij\u00f3n, Asturias, este centro de adiestramiento canino en Gij\u00f3n es famoso por su atenci\u00f3n afectuoso, seriedad y resultados notables. Revisa las valoraciones de otros due\u00f1os de mascotas para entender su testimonio.<\/p>\n<\/div>\n<\/div>\n\n\n\n<p><\/p>\n\n\n\n<p>Si necesitas conocer otros (PONER NEGOCIO, ej: asesor\u00eda legal, decoraci\u00f3n de eventos, instalaciones el\u00e9ctricas) puedes <strong><a href=\"\/\">visitar nuestra p\u00e1gina principal<\/a><\/strong>.<\/p>\n","protected":false},"excerpt":{"rendered":"<p>En caso de que buscas en la b\u00fasqueda un espacio de confianza para el el adiestramiento canino dentro de Gij\u00f3n, Peluquer\u00eda, Guarder\u00eda Y Educaci\u00f3n Canina Pelos &amp; Patas representa una opci\u00f3n destacada. Este lugar trabaja con perros de cualquier edad y raza, siempre utilizando con amigables y tambi\u00e9n \u00fatiles. Peluquer\u00eda, Guarder\u00eda Y Educaci\u00f3n Canina Pelos [&hellip;]<\/p>\n","protected":false},"author":2,"featured_media":0,"parent":7739,"menu_order":0,"comment_status":"closed","ping_status":"closed","template":"","meta":{"_et_pb_use_builder":"","_et_pb_old_content":"","_et_gb_content_width":"","footnotes":""},"tags":[1037],"class_list":["post-9996","page","type-page","status-publish","hentry","tag-gijon"],"_links":{"self":[{"href":"https:\/\/www.adiestradorcanino.com\/webdelperro\/wp-json\/wp\/v2\/pages\/9996","targetHints":{"allow":["GET"]}}],"collection":[{"href":"https:\/\/www.adiestradorcanino.com\/webdelperro\/wp-json\/wp\/v2\/pages"}],"about":[{"href":"https:\/\/www.adiestradorcanino.com\/webdelperro\/wp-json\/wp\/v2\/types\/page"}],"author":[{"embeddable":true,"href":"https:\/\/www.adiestradorcanino.com\/webdelperro\/wp-json\/wp\/v2\/users\/2"}],"replies":[{"embeddable":true,"href":"https:\/\/www.adiestradorcanino.com\/webdelperro\/wp-json\/wp\/v2\/comments?post=9996"}],"version-history":[{"count":0,"href":"https:\/\/www.adiestradorcanino.com\/webdelperro\/wp-json\/wp\/v2\/pages\/9996\/revisions"}],"up":[{"embeddable":true,"href":"https:\/\/www.adiestradorcanino.com\/webdelperro\/wp-json\/wp\/v2\/pages\/7739"}],"wp:attachment":[{"href":"https:\/\/www.adiestradorcanino.com\/webdelperro\/wp-json\/wp\/v2\/media?parent=9996"}],"wp:term":[{"taxonomy":"post_tag","embeddable":true,"href":"https:\/\/www.adiestradorcanino.com\/webdelperro\/wp-json\/wp\/v2\/tags?post=9996"}],"curies":[{"name":"wp","href":"https:\/\/api.w.org\/{rel}","templated":true}]}}