{"id":9967,"date":"2025-07-09T07:40:42","date_gmt":"2025-07-09T07:40:42","guid":{"rendered":"https:\/\/www.adiestradorcanino.com\/webdelperro\/asturias\/gijon\/adiestramiento-canino-educador-canino-lucia-fernandez-rosa-en-gijon-asturias\/"},"modified":"2025-07-09T07:40:42","modified_gmt":"2025-07-09T07:40:42","slug":"adiestramiento-canino-educador-canino-lucia-fernandez-rosa-en-gijon-asturias","status":"publish","type":"page","link":"https:\/\/www.adiestradorcanino.com\/webdelperro\/asturias\/gijon\/adiestramiento-canino-educador-canino-lucia-fernandez-rosa-en-gijon-asturias\/","title":{"rendered":"Adiestramiento canino Educador Canino Luc\u00eda Fern\u00e1ndez Rosa en Gij\u00f3n, Asturias"},"content":{"rendered":"\n<p>En caso de que buscas buscando un lugar de confianza id\u00f3neo para adiestramiento de perros en el \u00e1rea de Gij\u00f3n,  Educador Canino Luc\u00eda Fern\u00e1ndez Rosa representa una excelente opci\u00f3n. Este lugar se especializa en el manejo de mascotas sin importar la raza o edad, siempre t\u00e9cnicas \u00e9ticos adem\u00e1s de efectivos.<\/p>\n\n\n\n<h2 class=\"wp-block-heading has-text-align-left nombreclinica\">Educador Canino Luc\u00eda Fern\u00e1ndez Rosa<\/h2>\n\n\n\n<div class=\"wp-block-group is-layout-constrained wp-block-group-is-layout-constrained\">\n<div class=\"wp-block-columns nc-clase-ficha is-layout-flex wp-container-core-columns-is-layout-9d6595d7 wp-block-columns-is-layout-flex\">\n<div class=\"wp-block-column is-vertically-aligned-center is-layout-flow wp-block-column-is-layout-flow\">\n<figure class=\"wp-block-image size-full\"><img decoding=\"async\" src=\"https:\/\/www.adiestradorcanino.com\/webdelperro\/wp-content\/uploads\/2025\/07\/Educador-Canino-Lucia-Fernandez-Rosa.jpg\" alt=\"Educador Canino Luc\u00eda Fern\u00e1ndez Rosa\" class=\"wp-image-19766\"\/><\/figure>\n\n\n\n<p>Entre nuestros servicios m\u00e1s demandados est\u00e1n la cursos de obediencia b\u00e1sica, la correcci\u00f3n de conductas inapropiadas, la socializaci\u00f3n con otros perros y las clases dirigidas a cachorros. Asimismo, en nombre nos adaptamos a las particularidades de cada hogar y su animal.<\/p>\n<\/div>\n\n\n\n<div class=\"wp-block-column is-vertically-aligned-center is-layout-flow wp-block-column-is-layout-flow\">\n<div class=\"su-service\"><div class=\"su-service-title\" style=\"padding-left:46px;min-height:32px;line-height:32px\"><i class=\"sui sui-user\" style=\"font-size:32px;color:#2471a3\"><\/i> <strong>Nombre<\/strong><\/div><div class=\"su-service-content su-u-clearfix su-u-trim\" style=\"padding-left:46px\">Educador Canino Luc\u00eda Fern\u00e1ndez Rosa<\/div><\/div>\n\n\n\n<div class=\"su-service\"><div class=\"su-service-title\" style=\"padding-left:46px;min-height:32px;line-height:32px\"><i class=\"sui sui-map-marker\" style=\"font-size:32px;color:#2471a3\"><\/i> <strong>Direcci\u00f3n<\/strong><\/div><div class=\"su-service-content su-u-clearfix su-u-trim\" style=\"padding-left:46px\">C. Electra, 44, Centro, 33208 Gij\u00f3n, Asturias<\/div><\/div>\n\n\n\n<div class=\"su-service\"><div class=\"su-service-title\" style=\"padding-left:46px;min-height:32px;line-height:32px\"><i class=\"sui sui-volume-control-phone\" style=\"font-size:32px;color:#2471a3\"><\/i> <strong>Tel\u00e9fono<\/strong><\/div><div class=\"su-service-content su-u-clearfix su-u-trim\" style=\"padding-left:46px\">696 33 22 73<\/div><\/div>\n\n\n\n<div class=\"su-service\"><div class=\"su-service-title\" style=\"padding-left:46px;min-height:32px;line-height:32px\"><i class=\"sui sui-globe\" style=\"font-size:32px;color:#2471a3\"><\/i> <strong>Sitio web<\/strong><\/div><div class=\"su-service-content su-u-clearfix su-u-trim\" style=\"padding-left:46px\"><\/div><\/div>\n\n\n\n<div class=\"su-service\"><div class=\"su-service-title\" style=\"padding-left:46px;min-height:32px;line-height:32px\"><i class=\"sui sui-star\" style=\"font-size:32px;color:#2471a3\"><\/i> Valoraci\u00f3n de los clientes<\/div><div class=\"su-service-content su-u-clearfix su-u-trim\" style=\"padding-left:46px\">5 \/ 5 (91)<\/div><\/div>\n<\/div>\n<\/div>\n<\/div>\n\n\n\n<div class=\"wp-block-columns is-layout-flex wp-container-core-columns-is-layout-9d6595d7 wp-block-columns-is-layout-flex\">\n<div class=\"wp-block-column mapa2 is-layout-flow wp-block-column-is-layout-flow\">\n<h2 class=\"wp-block-heading\">Ubicaci\u00f3n de Educador Canino Luc\u00eda Fern\u00e1ndez Rosa<\/h2>\n\n\n\n<div class=\"su-gmap su-u-responsive-media-yes mapa\"><iframe loading=\"lazy\" width=\"600\" height=\"280\" src=\"\/\/maps.google.com\/maps?q=Educador%20Canino%20Luc%C3%ADa%20Fern%C3%A1ndez%20Rosa%2C%20C.%20Electra%2C%2044%2C%20Centro%2C%2033208%20Gij%C3%B3n%2C%20Asturias&amp;output=embed&amp;z=20\" title=\"\"><\/iframe><\/div>\n\n\n\n<h2 class=\"wp-block-heading\">Horarios de Educador Canino Luc\u00eda Fern\u00e1ndez Rosa<\/h2>\n\n\n\n<figure class=\"wp-block-table\"><table><tbody><tr><td><strong>Lunes<\/strong><\/td><td>lunes: 9:00\u201319:00<\/td><\/tr><tr><td><strong>Martes<\/strong><\/td><td>martes: 9:00\u201319:00<\/td><\/tr><tr><td><strong>Mi\u00e9rcoles<\/strong><\/td><td>mi\u00e9rcoles: 9:00\u201319:00<\/td><\/tr><tr><td><strong>Jueves<\/strong><\/td><td>jueves: 9:00\u201319:00<\/td><\/tr><tr><td><strong>Viernes<\/strong><\/td><td>viernes: 9:00\u201319:00<\/td><\/tr><tr><td><strong>S\u00e1bado<\/strong><\/td><td>s\u00e1bado: Cerrado<\/td><\/tr><tr><td><strong>Domingo<\/strong><\/td><td>domingo: Cerrado<\/td><\/tr><\/tbody><\/table><\/figure>\n\n\n\n<h2 class=\"wp-block-heading\">Tel\u00e9fono de Educador Canino Luc\u00eda Fern\u00e1ndez Rosa<\/h2>\n\n\n\n<p>Si quieres comunicarte con <strong>Educador Canino Luc\u00eda Fern\u00e1ndez Rosa<\/strong>, puedes hacerlo directamente llamando al siguiente n\u00famero:<\/p>\n\n\n\n<div class=\"wp-block-buttons is-content-justification-center is-layout-flex wp-container-core-buttons-is-layout-16018d1d wp-block-buttons-is-layout-flex\">\n<div class=\"wp-block-button is-style-fill\"><a class=\"wp-block-button__link has-background has-medium-font-size has-custom-font-size wp-element-button\" href=\"tel:696 33 22 73\" style=\"border-radius:6px;background-color:#2471a3\">Llamar ahora<\/a><\/div>\n<\/div>\n\n\n\n<h2 class=\"wp-block-heading\">M\u00e1s informaci\u00f3n<\/h2>\n\n\n\n<p>En el centro de adiestramiento canino Educador Canino Luc\u00eda Fern\u00e1ndez Rosa, ubicado en C. Electra, 44, Centro, 33208 Gij\u00f3n, Asturias, ofrecemos un enfoque integral y personalizado para adiestrar perros, centrado en la obediencia, la socializaci\u00f3n y la modificaci\u00f3n de conducta. Nuestros adiestradores de perros en Asturias cuentan con amplia experiencia y utilizan t\u00e9cnicas basadas en el respeto y la comunicaci\u00f3n positiva, garantizando as\u00ed un aprendizaje efectivo y armonioso entre el perro y su due\u00f1o. Destacamos entre otros centros de adiestramiento canino en Gij\u00f3n por nuestra atenci\u00f3n individualizada y programas adaptados a las necesidades espec\u00edficas de cada mascota, lo que aseguran resultados duraderos y satisfactorios. Si buscas un servicio de calidad para educar a tu perro y fortalecer el v\u00ednculo con \u00e9l, no dudes en visitarnos y descubrir c\u00f3mo podemos ayudarte.<\/p>\n\n\n\n<p>Situado en C. Electra, 44, Centro, 33208 Gij\u00f3n, Asturias, este centro de adiestramiento canino en Gij\u00f3n es famoso por su trato cercano, seriedad y resultados evidentes. Consulta las opiniones de otros usuarios para descubrir su opini\u00f3n.<\/p>\n<\/div>\n<\/div>\n\n\n\n<p><\/p>\n\n\n\n<p>Si necesitas conocer otros (PONER NEGOCIO, ej: asesor\u00eda legal, decoraci\u00f3n de eventos, instalaciones el\u00e9ctricas) puedes <strong><a href=\"\/\">visitar nuestra p\u00e1gina principal<\/a><\/strong>.<\/p>\n","protected":false},"excerpt":{"rendered":"<p>En caso de que buscas buscando un lugar de confianza id\u00f3neo para adiestramiento de perros en el \u00e1rea de Gij\u00f3n, Educador Canino Luc\u00eda Fern\u00e1ndez Rosa representa una excelente opci\u00f3n. Este lugar se especializa en el manejo de mascotas sin importar la raza o edad, siempre t\u00e9cnicas \u00e9ticos adem\u00e1s de efectivos. Educador Canino Luc\u00eda Fern\u00e1ndez Rosa [&hellip;]<\/p>\n","protected":false},"author":2,"featured_media":0,"parent":7739,"menu_order":0,"comment_status":"closed","ping_status":"closed","template":"","meta":{"_et_pb_use_builder":"","_et_pb_old_content":"","_et_gb_content_width":"","footnotes":""},"tags":[1037],"class_list":["post-9967","page","type-page","status-publish","hentry","tag-gijon"],"_links":{"self":[{"href":"https:\/\/www.adiestradorcanino.com\/webdelperro\/wp-json\/wp\/v2\/pages\/9967","targetHints":{"allow":["GET"]}}],"collection":[{"href":"https:\/\/www.adiestradorcanino.com\/webdelperro\/wp-json\/wp\/v2\/pages"}],"about":[{"href":"https:\/\/www.adiestradorcanino.com\/webdelperro\/wp-json\/wp\/v2\/types\/page"}],"author":[{"embeddable":true,"href":"https:\/\/www.adiestradorcanino.com\/webdelperro\/wp-json\/wp\/v2\/users\/2"}],"replies":[{"embeddable":true,"href":"https:\/\/www.adiestradorcanino.com\/webdelperro\/wp-json\/wp\/v2\/comments?post=9967"}],"version-history":[{"count":0,"href":"https:\/\/www.adiestradorcanino.com\/webdelperro\/wp-json\/wp\/v2\/pages\/9967\/revisions"}],"up":[{"embeddable":true,"href":"https:\/\/www.adiestradorcanino.com\/webdelperro\/wp-json\/wp\/v2\/pages\/7739"}],"wp:attachment":[{"href":"https:\/\/www.adiestradorcanino.com\/webdelperro\/wp-json\/wp\/v2\/media?parent=9967"}],"wp:term":[{"taxonomy":"post_tag","embeddable":true,"href":"https:\/\/www.adiestradorcanino.com\/webdelperro\/wp-json\/wp\/v2\/tags?post=9967"}],"curies":[{"name":"wp","href":"https:\/\/api.w.org\/{rel}","templated":true}]}}