{"id":9903,"date":"2025-07-09T07:31:42","date_gmt":"2025-07-09T07:31:42","guid":{"rendered":"https:\/\/www.adiestradorcanino.com\/webdelperro\/alicante\/alicante-alacant\/adiestramiento-canino-conexion-natural-en-alicante-alacant-alicante\/"},"modified":"2025-07-09T07:31:42","modified_gmt":"2025-07-09T07:31:42","slug":"adiestramiento-canino-conexion-natural-en-alicante-alacant-alicante","status":"publish","type":"page","link":"https:\/\/www.adiestradorcanino.com\/webdelperro\/alicante\/alicante-alacant\/adiestramiento-canino-conexion-natural-en-alicante-alacant-alicante\/","title":{"rendered":"Adiestramiento canino Conexi\u00f3n Natural en Alicante (alacant), Alicante"},"content":{"rendered":"\n<p>Si est\u00e1s buscando un espacio confiable para entrenamiento canino dentro de Alicante (alacant), este centro es una excelente opci\u00f3n. Este lugar trabaja en el entrenamiento de canes de cualquier edad y raza, siempre utilizando m\u00e9todos respetuosos y tambi\u00e9n eficaces.<\/p>\n\n\n\n<h2 class=\"wp-block-heading has-text-align-left nombreclinica\">Conexi\u00f3n Natural<\/h2>\n\n\n\n<div class=\"wp-block-group is-layout-constrained wp-block-group-is-layout-constrained\">\n<div class=\"wp-block-columns nc-clase-ficha is-layout-flex wp-container-core-columns-is-layout-9d6595d7 wp-block-columns-is-layout-flex\">\n<div class=\"wp-block-column is-vertically-aligned-center is-layout-flow wp-block-column-is-layout-flow\">\n<figure class=\"wp-block-image size-full\"><img decoding=\"async\" src=\"https:\/\/www.adiestradorcanino.com\/webdelperro\/wp-content\/uploads\/2025\/07\/Conexion-Natural.png\" alt=\"Conexi\u00f3n Natural\" class=\"wp-image-19766\"\/><\/figure>\n\n\n\n<p>Dentro de nuestros tratamientos m\u00e1s demandados est\u00e1n la obediencia b\u00e1sica, la correcci\u00f3n de conductas inapropiadas, la socializaci\u00f3n con otros perros y las sesiones especiales para cachorros. Asimismo, en nombre se adaptan a las necesidades concretas de cada familia y su mascota.<\/p>\n<\/div>\n\n\n\n<div class=\"wp-block-column is-vertically-aligned-center is-layout-flow wp-block-column-is-layout-flow\">\n<div class=\"su-service\"><div class=\"su-service-title\" style=\"padding-left:46px;min-height:32px;line-height:32px\"><i class=\"sui sui-user\" style=\"font-size:32px;color:#2471a3\"><\/i> <strong>Nombre<\/strong><\/div><div class=\"su-service-content su-u-clearfix su-u-trim\" style=\"padding-left:46px\">Conexi\u00f3n Natural<\/div><\/div>\n\n\n\n<div class=\"su-service\"><div class=\"su-service-title\" style=\"padding-left:46px;min-height:32px;line-height:32px\"><i class=\"sui sui-map-marker\" style=\"font-size:32px;color:#2471a3\"><\/i> <strong>Direcci\u00f3n<\/strong><\/div><div class=\"su-service-content su-u-clearfix su-u-trim\" style=\"padding-left:46px\">Calle Pablo Iglesias, 12, 03004 Alicante (Alacant), Alicante<\/div><\/div>\n\n\n\n<div class=\"su-service\"><div class=\"su-service-title\" style=\"padding-left:46px;min-height:32px;line-height:32px\"><i class=\"sui sui-volume-control-phone\" style=\"font-size:32px;color:#2471a3\"><\/i> <strong>Tel\u00e9fono<\/strong><\/div><div class=\"su-service-content su-u-clearfix su-u-trim\" style=\"padding-left:46px\">685 40 24 63<\/div><\/div>\n\n\n\n<div class=\"su-service\"><div class=\"su-service-title\" style=\"padding-left:46px;min-height:32px;line-height:32px\"><i class=\"sui sui-globe\" style=\"font-size:32px;color:#2471a3\"><\/i> <strong>Sitio web<\/strong><\/div><div class=\"su-service-content su-u-clearfix su-u-trim\" style=\"padding-left:46px\"><\/div><\/div>\n\n\n\n<div class=\"su-service\"><div class=\"su-service-title\" style=\"padding-left:46px;min-height:32px;line-height:32px\"><i class=\"sui sui-star\" style=\"font-size:32px;color:#2471a3\"><\/i> Valoraci\u00f3n de los clientes<\/div><div class=\"su-service-content su-u-clearfix su-u-trim\" style=\"padding-left:46px\"> \/ 5 (0)<\/div><\/div>\n<\/div>\n<\/div>\n<\/div>\n\n\n\n<div class=\"wp-block-columns is-layout-flex wp-container-core-columns-is-layout-9d6595d7 wp-block-columns-is-layout-flex\">\n<div class=\"wp-block-column mapa2 is-layout-flow wp-block-column-is-layout-flow\">\n<h2 class=\"wp-block-heading\">Ubicaci\u00f3n de Conexi\u00f3n Natural<\/h2>\n\n\n\n<div class=\"su-gmap su-u-responsive-media-yes mapa\"><iframe loading=\"lazy\" width=\"600\" height=\"280\" src=\"\/\/maps.google.com\/maps?q=Conexi%C3%B3n%20Natural%2C%20Calle%20Pablo%20Iglesias%2C%2012%2C%2003004%20Alicante%20%28Alacant%29%2C%20Alicante&amp;output=embed&amp;z=20\" title=\"\"><\/iframe><\/div>\n\n\n\n<h2 class=\"wp-block-heading\">Horarios de Conexi\u00f3n Natural<\/h2>\n\n\n\n<figure class=\"wp-block-table\"><table><tbody><tr><td><strong>Lunes<\/strong><\/td><td>lunes: 9:00\u201320:00<\/td><\/tr><tr><td><strong>Martes<\/strong><\/td><td>martes: 9:00\u201320:00<\/td><\/tr><tr><td><strong>Mi\u00e9rcoles<\/strong><\/td><td>mi\u00e9rcoles: 9:00\u201320:00<\/td><\/tr><tr><td><strong>Jueves<\/strong><\/td><td>jueves: 9:00\u201320:00<\/td><\/tr><tr><td><strong>Viernes<\/strong><\/td><td>viernes: 9:00\u201320:00<\/td><\/tr><tr><td><strong>S\u00e1bado<\/strong><\/td><td>s\u00e1bado: 9:00\u201320:00<\/td><\/tr><tr><td><strong>Domingo<\/strong><\/td><td>domingo: Cerrado<\/td><\/tr><\/tbody><\/table><\/figure>\n\n\n\n<h2 class=\"wp-block-heading\">Tel\u00e9fono de Conexi\u00f3n Natural<\/h2>\n\n\n\n<p>Si quieres comunicarte con <strong>Conexi\u00f3n Natural<\/strong>, puedes hacerlo directamente llamando al siguiente n\u00famero:<\/p>\n\n\n\n<div class=\"wp-block-buttons is-content-justification-center is-layout-flex wp-container-core-buttons-is-layout-16018d1d wp-block-buttons-is-layout-flex\">\n<div class=\"wp-block-button is-style-fill\"><a class=\"wp-block-button__link has-background has-medium-font-size has-custom-font-size wp-element-button\" href=\"tel:685 40 24 63\" style=\"border-radius:6px;background-color:#2471a3\">Llamar ahora<\/a><\/div>\n<\/div>\n\n\n\n<h2 class=\"wp-block-heading\">M\u00e1s informaci\u00f3n<\/h2>\n\n\n\n<p>En el centro de adiestramiento canino Conexi\u00f3n Natural, ubicado en Calle Pablo Iglesias, 12, 03004 Alicante (Alacant), ofrecemos un enfoque integral y personalizado para el adiestramiento de perros en Alicante (Alacant). Nuestros servicios abarcan desde la obediencia b\u00e1sica y avanzada hasta la socializaci\u00f3n y modificaci\u00f3n de conducta, adapt\u00e1ndonos a las necesidades espec\u00edficas de cada mascota y su propietario. Contamos con un equipo de adiestradores de perros en Alicante altamente capacitados que utilizan t\u00e9cnicas basadas en el refuerzo positivo, creando un ambiente de aprendizaje amable y efectivo. Lo que nos diferencia de otros centros es nuestro compromiso con el bienestar emocional de los animales, asegurando que cada sesi\u00f3n sea una experiencia enriquecedora y divertida. Si buscas adiestrar perros de manera positiva y respetuosa, Conexi\u00f3n Natural es tu mejor opci\u00f3n en Alicante.<\/p>\n\n\n\n<p>Situado en Calle Pablo Iglesias, 12, 03004 Alicante (Alacant), Alicante, este centro de adiestramiento canino en Alicante (alacant) se considera reconocido por su trato cercano, seriedad y logros evidentes. Mira las opiniones de otros usuarios para conocer su opini\u00f3n.<\/p>\n<\/div>\n<\/div>\n\n\n\n<p><\/p>\n\n\n\n<p>Si necesitas conocer otros (PONER NEGOCIO, ej: asesor\u00eda legal, decoraci\u00f3n de eventos, instalaciones el\u00e9ctricas) puedes <strong><a href=\"\/\">visitar nuestra p\u00e1gina principal<\/a><\/strong>.<\/p>\n","protected":false},"excerpt":{"rendered":"<p>Si est\u00e1s buscando un espacio confiable para entrenamiento canino dentro de Alicante (alacant), este centro es una excelente opci\u00f3n. Este lugar trabaja en el entrenamiento de canes de cualquier edad y raza, siempre utilizando m\u00e9todos respetuosos y tambi\u00e9n eficaces. Conexi\u00f3n Natural Dentro de nuestros tratamientos m\u00e1s demandados est\u00e1n la obediencia b\u00e1sica, la correcci\u00f3n de conductas [&hellip;]<\/p>\n","protected":false},"author":2,"featured_media":0,"parent":7562,"menu_order":0,"comment_status":"closed","ping_status":"closed","template":"","meta":{"_et_pb_use_builder":"","_et_pb_old_content":"","_et_gb_content_width":"","footnotes":""},"tags":[901],"class_list":["post-9903","page","type-page","status-publish","hentry","tag-alicante-alacant"],"_links":{"self":[{"href":"https:\/\/www.adiestradorcanino.com\/webdelperro\/wp-json\/wp\/v2\/pages\/9903","targetHints":{"allow":["GET"]}}],"collection":[{"href":"https:\/\/www.adiestradorcanino.com\/webdelperro\/wp-json\/wp\/v2\/pages"}],"about":[{"href":"https:\/\/www.adiestradorcanino.com\/webdelperro\/wp-json\/wp\/v2\/types\/page"}],"author":[{"embeddable":true,"href":"https:\/\/www.adiestradorcanino.com\/webdelperro\/wp-json\/wp\/v2\/users\/2"}],"replies":[{"embeddable":true,"href":"https:\/\/www.adiestradorcanino.com\/webdelperro\/wp-json\/wp\/v2\/comments?post=9903"}],"version-history":[{"count":0,"href":"https:\/\/www.adiestradorcanino.com\/webdelperro\/wp-json\/wp\/v2\/pages\/9903\/revisions"}],"up":[{"embeddable":true,"href":"https:\/\/www.adiestradorcanino.com\/webdelperro\/wp-json\/wp\/v2\/pages\/7562"}],"wp:attachment":[{"href":"https:\/\/www.adiestradorcanino.com\/webdelperro\/wp-json\/wp\/v2\/media?parent=9903"}],"wp:term":[{"taxonomy":"post_tag","embeddable":true,"href":"https:\/\/www.adiestradorcanino.com\/webdelperro\/wp-json\/wp\/v2\/tags?post=9903"}],"curies":[{"name":"wp","href":"https:\/\/api.w.org\/{rel}","templated":true}]}}