{"id":9890,"date":"2025-07-09T07:29:51","date_gmt":"2025-07-09T07:29:51","guid":{"rendered":"https:\/\/www.adiestradorcanino.com\/webdelperro\/alicante\/el-raspeig\/adiestramiento-canino-iscan-educacion-canina-en-el-raspeig-alicante\/"},"modified":"2025-07-09T07:29:51","modified_gmt":"2025-07-09T07:29:51","slug":"adiestramiento-canino-iscan-educacion-canina-en-el-raspeig-alicante","status":"publish","type":"page","link":"https:\/\/www.adiestradorcanino.com\/webdelperro\/alicante\/el-raspeig\/adiestramiento-canino-iscan-educacion-canina-en-el-raspeig-alicante\/","title":{"rendered":"Adiestramiento canino Iscan Educaci\u00f3n Canina en El Raspeig, Alicante"},"content":{"rendered":"\n<p>Si te encuentras en la b\u00fasqueda un espacio seguro id\u00f3neo para entrenamiento canino en El Raspeig, nuestra instituci\u00f3n es una excelente opci\u00f3n. Este lugar se dedica en el manejo de perros de cualquier edad y raza, siempre utilizando m\u00e9todos amigables y tambi\u00e9n eficaces.<\/p>\n\n\n\n<h2 class=\"wp-block-heading has-text-align-left nombreclinica\">Iscan Educaci\u00f3n Canina<\/h2>\n\n\n\n<div class=\"wp-block-group is-layout-constrained wp-block-group-is-layout-constrained\">\n<div class=\"wp-block-columns nc-clase-ficha is-layout-flex wp-container-core-columns-is-layout-9d6595d7 wp-block-columns-is-layout-flex\">\n<div class=\"wp-block-column is-vertically-aligned-center is-layout-flow wp-block-column-is-layout-flow\">\n<figure class=\"wp-block-image size-full\"><img decoding=\"async\" src=\"https:\/\/www.adiestradorcanino.com\/webdelperro\/wp-content\/uploads\/2025\/07\/Iscan-Educacion-Canina.png\" alt=\"Iscan Educaci\u00f3n Canina\" class=\"wp-image-19766\"\/><\/figure>\n\n\n\n<p>Dentro de nuestros servicios m\u00e1s solicitados est\u00e1n la cursos de obediencia b\u00e1sica, la correcci\u00f3n de conductas inapropiadas, la socializaci\u00f3n con otros animales y las clases dirigidas a cachorros. Adem\u00e1s, en nuestro centro nos adaptamos a las particularidades de cada familia y animal.<\/p>\n<\/div>\n\n\n\n<div class=\"wp-block-column is-vertically-aligned-center is-layout-flow wp-block-column-is-layout-flow\">\n<div class=\"su-service\"><div class=\"su-service-title\" style=\"padding-left:46px;min-height:32px;line-height:32px\"><i class=\"sui sui-user\" style=\"font-size:32px;color:#2471a3\"><\/i> <strong>Nombre<\/strong><\/div><div class=\"su-service-content su-u-clearfix su-u-trim\" style=\"padding-left:46px\">Iscan Educaci\u00f3n Canina<\/div><\/div>\n\n\n\n<div class=\"su-service\"><div class=\"su-service-title\" style=\"padding-left:46px;min-height:32px;line-height:32px\"><i class=\"sui sui-map-marker\" style=\"font-size:32px;color:#2471a3\"><\/i> <strong>Direcci\u00f3n<\/strong><\/div><div class=\"su-service-content su-u-clearfix su-u-trim\" style=\"padding-left:46px\">Carrer del Fondo, 4, 03690 el Raspeig, Alicante<\/div><\/div>\n\n\n\n<div class=\"su-service\"><div class=\"su-service-title\" style=\"padding-left:46px;min-height:32px;line-height:32px\"><i class=\"sui sui-volume-control-phone\" style=\"font-size:32px;color:#2471a3\"><\/i> <strong>Tel\u00e9fono<\/strong><\/div><div class=\"su-service-content su-u-clearfix su-u-trim\" style=\"padding-left:46px\">624 45 26 98<\/div><\/div>\n\n\n\n<div class=\"su-service\"><div class=\"su-service-title\" style=\"padding-left:46px;min-height:32px;line-height:32px\"><i class=\"sui sui-globe\" style=\"font-size:32px;color:#2471a3\"><\/i> <strong>Sitio web<\/strong><\/div><div class=\"su-service-content su-u-clearfix su-u-trim\" style=\"padding-left:46px\">http:\/\/iscaneducanina.es\/<\/div><\/div>\n\n\n\n<div class=\"su-service\"><div class=\"su-service-title\" style=\"padding-left:46px;min-height:32px;line-height:32px\"><i class=\"sui sui-star\" style=\"font-size:32px;color:#2471a3\"><\/i> Valoraci\u00f3n de los clientes<\/div><div class=\"su-service-content su-u-clearfix su-u-trim\" style=\"padding-left:46px\">5 \/ 5 (30)<\/div><\/div>\n<\/div>\n<\/div>\n<\/div>\n\n\n\n<div class=\"wp-block-columns is-layout-flex wp-container-core-columns-is-layout-9d6595d7 wp-block-columns-is-layout-flex\">\n<div class=\"wp-block-column mapa2 is-layout-flow wp-block-column-is-layout-flow\">\n<h2 class=\"wp-block-heading\">Ubicaci\u00f3n de Iscan Educaci\u00f3n Canina<\/h2>\n\n\n\n<div class=\"su-gmap su-u-responsive-media-yes mapa\"><iframe loading=\"lazy\" width=\"600\" height=\"280\" src=\"\/\/maps.google.com\/maps?q=Iscan%20Educaci%C3%B3n%20Canina%2C%20Carrer%20del%20Fondo%2C%204%2C%2003690%20el%20Raspeig%2C%20Alicante&amp;output=embed&amp;z=20\" title=\"\"><\/iframe><\/div>\n\n\n\n<h2 class=\"wp-block-heading\">Horarios de Iscan Educaci\u00f3n Canina<\/h2>\n\n\n\n<figure class=\"wp-block-table\"><table><tbody><tr><td><strong>Lunes<\/strong><\/td><td>lunes: 9:00\u201321:00<\/td><\/tr><tr><td><strong>Martes<\/strong><\/td><td>martes: 9:00\u201321:00<\/td><\/tr><tr><td><strong>Mi\u00e9rcoles<\/strong><\/td><td>mi\u00e9rcoles: 9:00\u201321:00<\/td><\/tr><tr><td><strong>Jueves<\/strong><\/td><td>jueves: 9:00\u201321:00<\/td><\/tr><tr><td><strong>Viernes<\/strong><\/td><td>viernes: 9:00\u201321:00<\/td><\/tr><tr><td><strong>S\u00e1bado<\/strong><\/td><td>s\u00e1bado: 9:00\u201321:00<\/td><\/tr><tr><td><strong>Domingo<\/strong><\/td><td>domingo: Cerrado<\/td><\/tr><\/tbody><\/table><\/figure>\n\n\n\n<h2 class=\"wp-block-heading\">Tel\u00e9fono de Iscan Educaci\u00f3n Canina<\/h2>\n\n\n\n<p>Si quieres comunicarte con <strong>Iscan Educaci\u00f3n Canina<\/strong>, puedes hacerlo directamente llamando al siguiente n\u00famero:<\/p>\n\n\n\n<div class=\"wp-block-buttons is-content-justification-center is-layout-flex wp-container-core-buttons-is-layout-16018d1d wp-block-buttons-is-layout-flex\">\n<div class=\"wp-block-button is-style-fill\"><a class=\"wp-block-button__link has-background has-medium-font-size has-custom-font-size wp-element-button\" href=\"tel:624 45 26 98\" style=\"border-radius:6px;background-color:#2471a3\">Llamar ahora<\/a><\/div>\n<\/div>\n\n\n\n<h2 class=\"wp-block-heading\">M\u00e1s informaci\u00f3n<\/h2>\n\n\n\n<p>En el coraz\u00f3n de El Raspeig, Alicante, se encuentra Iscan Educaci\u00f3n Canina, un centro de adiestramiento canino que se distingue por su enfoque personalizado y profesional. Ofrecemos una amplia gama de servicios para adiestrar perros, que incluyen programas de obediencia b\u00e1sica y avanzada, socializaci\u00f3n eficaz y modificaci\u00f3n de conducta, adaptados a las necesidades espec\u00edficas de cada mascota y su due\u00f1o. Nuestros adiestradores de perros en Alicante cuentan con una s\u00f3lida formaci\u00f3n y experiencia, lo que garantiza un aprendizaje efectivo y ameno. En Iscan, creemos en la importancia de crear un v\u00ednculo fuerte entre el perro y su due\u00f1o, lo que nos convierte en la opci\u00f3n ideal para quienes buscan un adiestramiento canino de calidad en El Raspeig. Ven y descubre c\u00f3mo podemos ayudarte a transformar la convivencia con tu mascota y potenciar su bienestar.<\/p>\n\n\n\n<p>Situado en Carrer del Fondo, 4, 03690 el Raspeig, Alicante, este centro de adiestramiento canino en El Raspeig se considera reconocido por su trato cercano, seriedad y resultados evidentes. Revisa las valoraciones de otros clientes para descubrir su opini\u00f3n.<\/p>\n<\/div>\n<\/div>\n\n\n\n<p><\/p>\n\n\n\n<p>Si necesitas conocer otros (PONER NEGOCIO, ej: asesor\u00eda legal, decoraci\u00f3n de eventos, instalaciones el\u00e9ctricas) puedes <strong><a href=\"\/\">visitar nuestra p\u00e1gina principal<\/a><\/strong>.<\/p>\n","protected":false},"excerpt":{"rendered":"<p>Si te encuentras en la b\u00fasqueda un espacio seguro id\u00f3neo para entrenamiento canino en El Raspeig, nuestra instituci\u00f3n es una excelente opci\u00f3n. Este lugar se dedica en el manejo de perros de cualquier edad y raza, siempre utilizando m\u00e9todos amigables y tambi\u00e9n eficaces. Iscan Educaci\u00f3n Canina Dentro de nuestros servicios m\u00e1s solicitados est\u00e1n la cursos [&hellip;]<\/p>\n","protected":false},"author":2,"featured_media":0,"parent":7565,"menu_order":0,"comment_status":"closed","ping_status":"closed","template":"","meta":{"_et_pb_use_builder":"","_et_pb_old_content":"","_et_gb_content_width":"","footnotes":""},"tags":[992],"class_list":["post-9890","page","type-page","status-publish","hentry","tag-el-raspeig"],"_links":{"self":[{"href":"https:\/\/www.adiestradorcanino.com\/webdelperro\/wp-json\/wp\/v2\/pages\/9890","targetHints":{"allow":["GET"]}}],"collection":[{"href":"https:\/\/www.adiestradorcanino.com\/webdelperro\/wp-json\/wp\/v2\/pages"}],"about":[{"href":"https:\/\/www.adiestradorcanino.com\/webdelperro\/wp-json\/wp\/v2\/types\/page"}],"author":[{"embeddable":true,"href":"https:\/\/www.adiestradorcanino.com\/webdelperro\/wp-json\/wp\/v2\/users\/2"}],"replies":[{"embeddable":true,"href":"https:\/\/www.adiestradorcanino.com\/webdelperro\/wp-json\/wp\/v2\/comments?post=9890"}],"version-history":[{"count":0,"href":"https:\/\/www.adiestradorcanino.com\/webdelperro\/wp-json\/wp\/v2\/pages\/9890\/revisions"}],"up":[{"embeddable":true,"href":"https:\/\/www.adiestradorcanino.com\/webdelperro\/wp-json\/wp\/v2\/pages\/7565"}],"wp:attachment":[{"href":"https:\/\/www.adiestradorcanino.com\/webdelperro\/wp-json\/wp\/v2\/media?parent=9890"}],"wp:term":[{"taxonomy":"post_tag","embeddable":true,"href":"https:\/\/www.adiestradorcanino.com\/webdelperro\/wp-json\/wp\/v2\/tags?post=9890"}],"curies":[{"name":"wp","href":"https:\/\/api.w.org\/{rel}","templated":true}]}}