{"id":7745,"date":"2025-07-08T12:51:16","date_gmt":"2025-07-08T12:51:16","guid":{"rendered":"https:\/\/www.adiestradorcanino.com\/webdelperro\/asturias\/oviedo\/"},"modified":"2025-07-08T12:51:17","modified_gmt":"2025-07-08T12:51:17","slug":"oviedo","status":"publish","type":"page","link":"https:\/\/www.adiestradorcanino.com\/webdelperro\/asturias\/oviedo\/","title":{"rendered":"Adiestramiento canino en Oviedo"},"content":{"rendered":"<div class=\"descripcion\">El adiestramiento de perros en Oviedo se considera fundamental para incrementar la interacci\u00f3n con tu perro. En este lugar puedes descubrir adiestradores y centros dedicados que te apoyar\u00e1n a educar a tu perro con t\u00e9cnicas fundamentados en el respeto y la comunicaci\u00f3n. <br \/><br \/>Tanto si est\u00e9s buscando obediencia fundamental para un cachorro o la correcci\u00f3n de comportamientos problem\u00e1ticas en perros mayores, en Oviedo se encuentran expertos capacitados para toda necesidad, colaborando con planes adaptados.<\/div>\n<h2 class=\"wp-block-heading\"><strong>Adiestradores Caninos Raquel<\/strong><\/h2>\n\n\n\n<div class=\"wp-block-columns nc-fichas-en-categorias is-layout-flex wp-container-core-columns-is-layout-9d6595d7 wp-block-columns-is-layout-flex\">\n<div class=\"wp-block-column is-vertically-aligned-center is-layout-flow wp-block-column-is-layout-flow\">\n<figure class=\"wp-block-image size-full\"><img decoding=\"async\" src=\"https:\/\/www.adiestradorcanino.com\/webdelperro\/wp-content\/uploads\/2025\/07\/Adiestradores-Caninos-Raquel.png\" alt=\"Negocio Adiestradores Caninos Raquel\" class=\"wp-image-19766\"\/><\/figure>\n\n\n\n<p><\/p>\n<\/div>\n\n\n\n<div class=\"wp-block-column is-vertically-aligned-center is-layout-flow wp-block-column-is-layout-flow\">\n<div class=\"su-service\"><div class=\"su-service-title\" style=\"padding-left:46px;min-height:32px;line-height:32px\"><i class=\"sui sui-user\" style=\"font-size:32px;color:#2471a3\"><\/i> <strong>Nombre<\/strong><\/div><div class=\"su-service-content su-u-clearfix su-u-trim\" style=\"padding-left:46px\">Adiestradores Caninos Raquel<\/div><\/div>\n\n\n\n<div class=\"su-service\"><div class=\"su-service-title\" style=\"padding-left:46px;min-height:32px;line-height:32px\"><i class=\"sui sui-map-marker\" style=\"font-size:32px;color:#2471a3\"><\/i> <strong>Direcci\u00f3n<\/strong><\/div><div class=\"su-service-content su-u-clearfix su-u-trim\" style=\"padding-left:46px\">C. Alonso de Proaza, 4, 33010 Oviedo, Asturias<\/div><\/div>\n\n\n\n<div class=\"su-service\"><div class=\"su-service-title\" style=\"padding-left:46px;min-height:32px;line-height:32px\"><i class=\"sui sui-volume-control-phone\" style=\"font-size:32px;color:#2471a3\"><\/i> <strong>Tel\u00e9fono<\/strong><\/div><div class=\"su-service-content su-u-clearfix su-u-trim\" style=\"padding-left:46px\">633 34 52 78<\/div><\/div>\n\n\n\n<div class=\"su-service\"><div class=\"su-service-title\" style=\"padding-left:46px;min-height:32px;line-height:32px\"><i class=\"sui sui-globe\" style=\"font-size:32px;color:#2471a3\"><\/i> <strong>Sitio web<\/strong><\/div><div class=\"su-service-content su-u-clearfix su-u-trim\" style=\"padding-left:46px\"><\/div><\/div>\n\n\n\n<p class=\"has-text-align-left\"><div class=\"su-service\"><div class=\"su-service-title\" style=\"padding-left:46px;min-height:32px;line-height:32px\"><i class=\"sui sui-clock-o\" style=\"font-size:32px;color:#2471a3\"><\/i> <strong>Horarios<\/strong><\/div><div class=\"su-service-content su-u-clearfix su-u-trim\" style=\"padding-left:46px\">\n\n\n\n<figure class=\"wp-block-table\"><table><tbody><tr><td><strong>Lunes<\/strong><\/td><td>lunes: 11:00\u201319:00<\/td><\/tr><tr><td><strong>Martes<\/strong><\/td><td>martes: 11:00\u201319:00<\/td><\/tr><tr><td><strong>Mi\u00e9rcoles<\/strong><\/td><td>mi\u00e9rcoles: 11:00\u201319:00<\/td><\/tr><tr><td><strong>Jueves<\/strong><\/td><td>jueves: 11:00\u201319:00<\/td><\/tr><tr><td><strong>Viernes<\/strong><\/td><td>viernes: 11:00\u201319:00<\/td><\/tr><tr><td><strong>S\u00e1bado<\/strong><\/td><td>s\u00e1bado: Cerrado<\/td><\/tr><tr><td><strong>Domingo<\/strong><\/td><td>domingo: Cerrado<\/td><\/tr><\/tbody><\/table><\/figure>\n\n\n\n<\/div><\/div>\n\n\n\n<div class=\"su-service\"><div class=\"su-service-title\" style=\"padding-left:46px;min-height:32px;line-height:32px\"><i class=\"sui sui-star\" style=\"font-size:32px;color:#2471a3\"><\/i> Valoraci\u00f3n de los clientes<\/div><div class=\"su-service-content su-u-clearfix su-u-trim\" style=\"padding-left:46px\"> \/ 5 (0 votos) <\/div><\/div>\n<\/div>\n<\/div>\n\n\n\n<div class=\"wp-block-columns is-layout-flex wp-container-core-columns-is-layout-9d6595d7 wp-block-columns-is-layout-flex\">\n<div class=\"wp-block-column mapa2 is-layout-flow wp-block-column-is-layout-flow\">\n<div class=\"su-gmap su-u-responsive-media-yes mapa\"><iframe loading=\"lazy\" width=\"600\" height=\"280\" src=\"\/\/maps.google.com\/maps?q=Adiestradores%20Caninos%20Raquel%2C%20C.%20Alonso%20de%20Proaza%2C%204%2C%2033010%20Oviedo%2C%20Asturias&amp;output=embed&amp;z=20\" title=\"\"><\/iframe><\/div>\n<\/div>\n<\/div>\n\n\n\n<div class=\"wp-block-columns is-layout-flex wp-container-core-columns-is-layout-9d6595d7 wp-block-columns-is-layout-flex\">\n<div class=\"wp-block-column is-layout-flow wp-block-column-is-layout-flow\"><a href=\"https:\/\/www.adiestradorcanino.com\/webdelperro\/asturias\/oviedo\/adiestramiento-canino-adiestradores-caninos-raquel-en-oviedo-asturias\/\" style=\"width:100%;text-align:center;border-radius:6px;background-color:#2471a3;color:#ffffff;padding:16px 26px;text-decoration:none;display:inline-block;font-weight:600;\">Ver negocio<\/a>\n<\/div>\n<\/div>\n\n<h2 class=\"wp-block-heading\"><strong>Adiestrania<\/strong><\/h2>\n\n\n\n<div class=\"wp-block-columns nc-fichas-en-categorias is-layout-flex wp-container-core-columns-is-layout-9d6595d7 wp-block-columns-is-layout-flex\">\n<div class=\"wp-block-column is-vertically-aligned-center is-layout-flow wp-block-column-is-layout-flow\">\n<figure class=\"wp-block-image size-full\"><img decoding=\"async\" src=\"https:\/\/www.adiestradorcanino.com\/webdelperro\/wp-content\/uploads\/2025\/07\/Adiestrania.png\" alt=\"Negocio Adiestrania\" class=\"wp-image-19766\"\/><\/figure>\n\n\n\n<p><\/p>\n<\/div>\n\n\n\n<div class=\"wp-block-column is-vertically-aligned-center is-layout-flow wp-block-column-is-layout-flow\">\n<div class=\"su-service\"><div class=\"su-service-title\" style=\"padding-left:46px;min-height:32px;line-height:32px\"><i class=\"sui sui-user\" style=\"font-size:32px;color:#2471a3\"><\/i> <strong>Nombre<\/strong><\/div><div class=\"su-service-content su-u-clearfix su-u-trim\" style=\"padding-left:46px\">Adiestrania<\/div><\/div>\n\n\n\n<div class=\"su-service\"><div class=\"su-service-title\" style=\"padding-left:46px;min-height:32px;line-height:32px\"><i class=\"sui sui-map-marker\" style=\"font-size:32px;color:#2471a3\"><\/i> <strong>Direcci\u00f3n<\/strong><\/div><div class=\"su-service-content su-u-clearfix su-u-trim\" style=\"padding-left:46px\">Ctra. Colloto-Viella, 33199 Oviedo, Asturias<\/div><\/div>\n\n\n\n<div class=\"su-service\"><div class=\"su-service-title\" style=\"padding-left:46px;min-height:32px;line-height:32px\"><i class=\"sui sui-volume-control-phone\" style=\"font-size:32px;color:#2471a3\"><\/i> <strong>Tel\u00e9fono<\/strong><\/div><div class=\"su-service-content su-u-clearfix su-u-trim\" style=\"padding-left:46px\">683 11 89 04<\/div><\/div>\n\n\n\n<div class=\"su-service\"><div class=\"su-service-title\" style=\"padding-left:46px;min-height:32px;line-height:32px\"><i class=\"sui sui-globe\" style=\"font-size:32px;color:#2471a3\"><\/i> <strong>Sitio web<\/strong><\/div><div class=\"su-service-content su-u-clearfix su-u-trim\" style=\"padding-left:46px\"><\/div><\/div>\n\n\n\n<p class=\"has-text-align-left\"><div class=\"su-service\"><div class=\"su-service-title\" style=\"padding-left:46px;min-height:32px;line-height:32px\"><i class=\"sui sui-clock-o\" style=\"font-size:32px;color:#2471a3\"><\/i> <strong>Horarios<\/strong><\/div><div class=\"su-service-content su-u-clearfix su-u-trim\" style=\"padding-left:46px\">\n\n\n\n<figure class=\"wp-block-table\"><table><tbody><tr><td><strong>Lunes<\/strong><\/td><td>lunes: 9:30\u201320:00<\/td><\/tr><tr><td><strong>Martes<\/strong><\/td><td>martes: 9:30\u201320:00<\/td><\/tr><tr><td><strong>Mi\u00e9rcoles<\/strong><\/td><td>mi\u00e9rcoles: 9:30\u201320:00<\/td><\/tr><tr><td><strong>Jueves<\/strong><\/td><td>jueves: 9:30\u201320:00<\/td><\/tr><tr><td><strong>Viernes<\/strong><\/td><td>viernes: 9:30\u201320:00<\/td><\/tr><tr><td><strong>S\u00e1bado<\/strong><\/td><td>s\u00e1bado: 9:00\u201320:00<\/td><\/tr><tr><td><strong>Domingo<\/strong><\/td><td>domingo: Cerrado<\/td><\/tr><\/tbody><\/table><\/figure>\n\n\n\n<\/div><\/div>\n\n\n\n<div class=\"su-service\"><div class=\"su-service-title\" style=\"padding-left:46px;min-height:32px;line-height:32px\"><i class=\"sui sui-star\" style=\"font-size:32px;color:#2471a3\"><\/i> Valoraci\u00f3n de los clientes<\/div><div class=\"su-service-content su-u-clearfix su-u-trim\" style=\"padding-left:46px\">5 \/ 5 (16 votos) <\/div><\/div>\n<\/div>\n<\/div>\n\n\n\n<div class=\"wp-block-columns is-layout-flex wp-container-core-columns-is-layout-9d6595d7 wp-block-columns-is-layout-flex\">\n<div class=\"wp-block-column mapa2 is-layout-flow wp-block-column-is-layout-flow\">\n<div class=\"su-gmap su-u-responsive-media-yes mapa\"><iframe loading=\"lazy\" width=\"600\" height=\"280\" src=\"\/\/maps.google.com\/maps?q=Adiestrania%2C%20Ctra.%20Colloto-Viella%2C%2033199%20Oviedo%2C%20Asturias&amp;output=embed&amp;z=20\" title=\"\"><\/iframe><\/div>\n<\/div>\n<\/div>\n\n\n\n<div class=\"wp-block-columns is-layout-flex wp-container-core-columns-is-layout-9d6595d7 wp-block-columns-is-layout-flex\">\n<div class=\"wp-block-column is-layout-flow wp-block-column-is-layout-flow\"><a href=\"https:\/\/www.adiestradorcanino.com\/webdelperro\/asturias\/oviedo\/adiestramiento-canino-adiestrania-en-oviedo-asturias\/\" style=\"width:100%;text-align:center;border-radius:6px;background-color:#2471a3;color:#ffffff;padding:16px 26px;text-decoration:none;display:inline-block;font-weight:600;\">Ver negocio<\/a>\n<\/div>\n<\/div>\n\n<h2 class=\"wp-block-heading\"><strong>Arbes\u00fa Educadores Caninos<\/strong><\/h2>\n\n\n\n<div class=\"wp-block-columns nc-fichas-en-categorias is-layout-flex wp-container-core-columns-is-layout-9d6595d7 wp-block-columns-is-layout-flex\">\n<div class=\"wp-block-column is-vertically-aligned-center is-layout-flow wp-block-column-is-layout-flow\">\n<figure class=\"wp-block-image size-full\"><img decoding=\"async\" src=\"https:\/\/www.adiestradorcanino.com\/webdelperro\/wp-content\/uploads\/2025\/07\/Arbesu-Educadores-Caninos.png\" alt=\"Negocio Arbes\u00fa Educadores Caninos\" class=\"wp-image-19766\"\/><\/figure>\n\n\n\n<p><\/p>\n<\/div>\n\n\n\n<div class=\"wp-block-column is-vertically-aligned-center is-layout-flow wp-block-column-is-layout-flow\">\n<div class=\"su-service\"><div class=\"su-service-title\" style=\"padding-left:46px;min-height:32px;line-height:32px\"><i class=\"sui sui-user\" style=\"font-size:32px;color:#2471a3\"><\/i> <strong>Nombre<\/strong><\/div><div class=\"su-service-content su-u-clearfix su-u-trim\" style=\"padding-left:46px\">Arbes\u00fa Educadores Caninos<\/div><\/div>\n\n\n\n<div class=\"su-service\"><div class=\"su-service-title\" style=\"padding-left:46px;min-height:32px;line-height:32px\"><i class=\"sui sui-map-marker\" style=\"font-size:32px;color:#2471a3\"><\/i> <strong>Direcci\u00f3n<\/strong><\/div><div class=\"su-service-content su-u-clearfix su-u-trim\" style=\"padding-left:46px\">Guarder\u00eda canina \u00abLa Madriguera de L\u00faa, Molina 7, 33191 Molina, Asturias<\/div><\/div>\n\n\n\n<div class=\"su-service\"><div class=\"su-service-title\" style=\"padding-left:46px;min-height:32px;line-height:32px\"><i class=\"sui sui-volume-control-phone\" style=\"font-size:32px;color:#2471a3\"><\/i> <strong>Tel\u00e9fono<\/strong><\/div><div class=\"su-service-content su-u-clearfix su-u-trim\" style=\"padding-left:46px\">676 59 69 33<\/div><\/div>\n\n\n\n<div class=\"su-service\"><div class=\"su-service-title\" style=\"padding-left:46px;min-height:32px;line-height:32px\"><i class=\"sui sui-globe\" style=\"font-size:32px;color:#2471a3\"><\/i> <strong>Sitio web<\/strong><\/div><div class=\"su-service-content su-u-clearfix su-u-trim\" style=\"padding-left:46px\">https:\/\/arbesueducadorescaninos.es\/<\/div><\/div>\n\n\n\n<p class=\"has-text-align-left\"><div class=\"su-service\"><div class=\"su-service-title\" style=\"padding-left:46px;min-height:32px;line-height:32px\"><i class=\"sui sui-clock-o\" style=\"font-size:32px;color:#2471a3\"><\/i> <strong>Horarios<\/strong><\/div><div class=\"su-service-content su-u-clearfix su-u-trim\" style=\"padding-left:46px\">\n\n\n\n<figure class=\"wp-block-table\"><table><tbody><tr><td><strong>Lunes<\/strong><\/td><td>lunes: 10:00\u201313:00, 17:00\u201319:30<\/td><\/tr><tr><td><strong>Martes<\/strong><\/td><td>martes: 10:00\u201313:00, 17:00\u201319:30<\/td><\/tr><tr><td><strong>Mi\u00e9rcoles<\/strong><\/td><td>mi\u00e9rcoles: 10:00\u201313:00, 17:00\u201319:30<\/td><\/tr><tr><td><strong>Jueves<\/strong><\/td><td>jueves: 10:00\u201313:00, 17:00\u201319:30<\/td><\/tr><tr><td><strong>Viernes<\/strong><\/td><td>viernes: 10:00\u201313:00, 17:00\u201319:30<\/td><\/tr><tr><td><strong>S\u00e1bado<\/strong><\/td><td>s\u00e1bado: 10:00\u201313:00<\/td><\/tr><tr><td><strong>Domingo<\/strong><\/td><td>domingo: Cerrado<\/td><\/tr><\/tbody><\/table><\/figure>\n\n\n\n<\/div><\/div>\n\n\n\n<div class=\"su-service\"><div class=\"su-service-title\" style=\"padding-left:46px;min-height:32px;line-height:32px\"><i class=\"sui sui-star\" style=\"font-size:32px;color:#2471a3\"><\/i> Valoraci\u00f3n de los clientes<\/div><div class=\"su-service-content su-u-clearfix su-u-trim\" style=\"padding-left:46px\">4.9 \/ 5 (130 votos) <\/div><\/div>\n<\/div>\n<\/div>\n\n\n\n<div class=\"wp-block-columns is-layout-flex wp-container-core-columns-is-layout-9d6595d7 wp-block-columns-is-layout-flex\">\n<div class=\"wp-block-column mapa2 is-layout-flow wp-block-column-is-layout-flow\">\n<div class=\"su-gmap su-u-responsive-media-yes mapa\"><iframe loading=\"lazy\" width=\"600\" height=\"280\" src=\"\/\/maps.google.com\/maps?q=Moscow&amp;output=embed&amp;z=20\" title=\"\"><\/iframe><\/div>\n<\/div>\n<\/div>\n\n\n\n<div class=\"wp-block-columns is-layout-flex wp-container-core-columns-is-layout-9d6595d7 wp-block-columns-is-layout-flex\">\n<div class=\"wp-block-column is-layout-flow wp-block-column-is-layout-flow\"><a href=\"https:\/\/www.adiestradorcanino.com\/webdelperro\/asturias\/oviedo\/adiestramiento-canino-arbesu-educadores-caninos-en-oviedo-asturias\/\" style=\"width:100%;text-align:center;border-radius:6px;background-color:#2471a3;color:#ffffff;padding:16px 26px;text-decoration:none;display:inline-block;font-weight:600;\">Ver negocio<\/a>\n<\/div>\n<\/div>\n\n<h2 class=\"wp-block-heading\"><strong>Educaci\u00f3n Canina Chao<\/strong><\/h2>\n\n\n\n<div class=\"wp-block-columns nc-fichas-en-categorias is-layout-flex wp-container-core-columns-is-layout-9d6595d7 wp-block-columns-is-layout-flex\">\n<div class=\"wp-block-column is-vertically-aligned-center is-layout-flow wp-block-column-is-layout-flow\">\n\n\n<p><\/p>\n<\/div>\n\n\n\n<div class=\"wp-block-column is-vertically-aligned-center is-layout-flow wp-block-column-is-layout-flow\">\n<div class=\"su-service\"><div class=\"su-service-title\" style=\"padding-left:46px;min-height:32px;line-height:32px\"><i class=\"sui sui-user\" style=\"font-size:32px;color:#2471a3\"><\/i> <strong>Nombre<\/strong><\/div><div class=\"su-service-content su-u-clearfix su-u-trim\" style=\"padding-left:46px\">Educaci\u00f3n Canina Chao<\/div><\/div>\n\n\n\n<div class=\"su-service\"><div class=\"su-service-title\" style=\"padding-left:46px;min-height:32px;line-height:32px\"><i class=\"sui sui-map-marker\" style=\"font-size:32px;color:#2471a3\"><\/i> <strong>Direcci\u00f3n<\/strong><\/div><div class=\"su-service-content su-u-clearfix su-u-trim\" style=\"padding-left:46px\">C. Manuel de Falla, 16, 33011 Oviedo, Asturias<\/div><\/div>\n\n\n\n<div class=\"su-service\"><div class=\"su-service-title\" style=\"padding-left:46px;min-height:32px;line-height:32px\"><i class=\"sui sui-volume-control-phone\" style=\"font-size:32px;color:#2471a3\"><\/i> <strong>Tel\u00e9fono<\/strong><\/div><div class=\"su-service-content su-u-clearfix su-u-trim\" style=\"padding-left:46px\">0341 680-2906<\/div><\/div>\n\n\n\n<div class=\"su-service\"><div class=\"su-service-title\" style=\"padding-left:46px;min-height:32px;line-height:32px\"><i class=\"sui sui-globe\" style=\"font-size:32px;color:#2471a3\"><\/i> <strong>Sitio web<\/strong><\/div><div class=\"su-service-content su-u-clearfix su-u-trim\" style=\"padding-left:46px\">https:\/\/educacioncaninachao.com\/<\/div><\/div>\n\n\n\n<p class=\"has-text-align-left\"><div class=\"su-service\"><div class=\"su-service-title\" style=\"padding-left:46px;min-height:32px;line-height:32px\"><i class=\"sui sui-clock-o\" style=\"font-size:32px;color:#2471a3\"><\/i> <strong>Horarios<\/strong><\/div><div class=\"su-service-content su-u-clearfix su-u-trim\" style=\"padding-left:46px\">\n\n\n\n<figure class=\"wp-block-table\"><table><tbody><tr><td><strong>Lunes<\/strong><\/td><td>lunes: 9:00\u201320:00<\/td><\/tr><tr><td><strong>Martes<\/strong><\/td><td>martes: 9:00\u201320:00<\/td><\/tr><tr><td><strong>Mi\u00e9rcoles<\/strong><\/td><td>mi\u00e9rcoles: 9:00\u201320:00<\/td><\/tr><tr><td><strong>Jueves<\/strong><\/td><td>jueves: 9:00\u201320:00<\/td><\/tr><tr><td><strong>Viernes<\/strong><\/td><td>viernes: 9:00\u201320:00<\/td><\/tr><tr><td><strong>S\u00e1bado<\/strong><\/td><td>s\u00e1bado: Cerrado<\/td><\/tr><tr><td><strong>Domingo<\/strong><\/td><td>domingo: Cerrado<\/td><\/tr><\/tbody><\/table><\/figure>\n\n\n\n<\/div><\/div>\n\n\n\n<div class=\"su-service\"><div class=\"su-service-title\" style=\"padding-left:46px;min-height:32px;line-height:32px\"><i class=\"sui sui-star\" style=\"font-size:32px;color:#2471a3\"><\/i> Valoraci\u00f3n de los clientes<\/div><div class=\"su-service-content su-u-clearfix su-u-trim\" style=\"padding-left:46px\">5 \/ 5 (15 votos) <\/div><\/div>\n<\/div>\n<\/div>\n\n\n\n<div class=\"wp-block-columns is-layout-flex wp-container-core-columns-is-layout-9d6595d7 wp-block-columns-is-layout-flex\">\n<div class=\"wp-block-column mapa2 is-layout-flow wp-block-column-is-layout-flow\">\n<div class=\"su-gmap su-u-responsive-media-yes mapa\"><iframe loading=\"lazy\" width=\"600\" height=\"280\" src=\"\/\/maps.google.com\/maps?q=Educaci%C3%B3n%20Canina%20Chao%2C%20C.%20Manuel%20de%20Falla%2C%2016%2C%2033011%20Oviedo%2C%20Asturias&amp;output=embed&amp;z=20\" title=\"\"><\/iframe><\/div>\n<\/div>\n<\/div>\n\n\n\n<div class=\"wp-block-columns is-layout-flex wp-container-core-columns-is-layout-9d6595d7 wp-block-columns-is-layout-flex\">\n<div class=\"wp-block-column is-layout-flow wp-block-column-is-layout-flow\"><a href=\"https:\/\/www.adiestradorcanino.com\/webdelperro\/asturias\/oviedo\/adiestramiento-canino-educacion-canina-chao-en-oviedo-asturias\/\" style=\"width:100%;text-align:center;border-radius:6px;background-color:#2471a3;color:#ffffff;padding:16px 26px;text-decoration:none;display:inline-block;font-weight:600;\">Ver negocio<\/a>\n<\/div>\n<\/div>\n\n<h2 class=\"wp-block-heading\"><strong>Escuela De Adiestramiento Victor Cuesta<\/strong><\/h2>\n\n\n\n<div class=\"wp-block-columns nc-fichas-en-categorias is-layout-flex wp-container-core-columns-is-layout-9d6595d7 wp-block-columns-is-layout-flex\">\n<div class=\"wp-block-column is-vertically-aligned-center is-layout-flow wp-block-column-is-layout-flow\">\n<figure class=\"wp-block-image size-full\"><img decoding=\"async\" src=\"https:\/\/www.adiestradorcanino.com\/webdelperro\/wp-content\/uploads\/2025\/07\/Escuela-De-Adiestramiento-Victor-Cuesta.jpg\" alt=\"Negocio Escuela De Adiestramiento Victor Cuesta\" class=\"wp-image-19766\"\/><\/figure>\n\n\n\n<p><\/p>\n<\/div>\n\n\n\n<div class=\"wp-block-column is-vertically-aligned-center is-layout-flow wp-block-column-is-layout-flow\">\n<div class=\"su-service\"><div class=\"su-service-title\" style=\"padding-left:46px;min-height:32px;line-height:32px\"><i class=\"sui sui-user\" style=\"font-size:32px;color:#2471a3\"><\/i> <strong>Nombre<\/strong><\/div><div class=\"su-service-content su-u-clearfix su-u-trim\" style=\"padding-left:46px\">Escuela De Adiestramiento Victor Cuesta<\/div><\/div>\n\n\n\n<div class=\"su-service\"><div class=\"su-service-title\" style=\"padding-left:46px;min-height:32px;line-height:32px\"><i class=\"sui sui-map-marker\" style=\"font-size:32px;color:#2471a3\"><\/i> <strong>Direcci\u00f3n<\/strong><\/div><div class=\"su-service-content su-u-clearfix su-u-trim\" style=\"padding-left:46px\">18, Lugar Villamiana, 18, 33195 Oviedo, Asturias<\/div><\/div>\n\n\n\n<div class=\"su-service\"><div class=\"su-service-title\" style=\"padding-left:46px;min-height:32px;line-height:32px\"><i class=\"sui sui-volume-control-phone\" style=\"font-size:32px;color:#2471a3\"><\/i> <strong>Tel\u00e9fono<\/strong><\/div><div class=\"su-service-content su-u-clearfix su-u-trim\" style=\"padding-left:46px\">679 16 30 00<\/div><\/div>\n\n\n\n<div class=\"su-service\"><div class=\"su-service-title\" style=\"padding-left:46px;min-height:32px;line-height:32px\"><i class=\"sui sui-globe\" style=\"font-size:32px;color:#2471a3\"><\/i> <strong>Sitio web<\/strong><\/div><div class=\"su-service-content su-u-clearfix su-u-trim\" style=\"padding-left:46px\">http:\/\/www.escuelavictorcuesta.com\/<\/div><\/div>\n\n\n\n<p class=\"has-text-align-left\"><div class=\"su-service\"><div class=\"su-service-title\" style=\"padding-left:46px;min-height:32px;line-height:32px\"><i class=\"sui sui-clock-o\" style=\"font-size:32px;color:#2471a3\"><\/i> <strong>Horarios<\/strong><\/div><div class=\"su-service-content su-u-clearfix su-u-trim\" style=\"padding-left:46px\">\n\n\n\n<figure class=\"wp-block-table\"><table><tbody><tr><td><strong>Lunes<\/strong><\/td><td>lunes: Cerrado<\/td><\/tr><tr><td><strong>Martes<\/strong><\/td><td>martes: Cerrado<\/td><\/tr><tr><td><strong>Mi\u00e9rcoles<\/strong><\/td><td>mi\u00e9rcoles: Cerrado<\/td><\/tr><tr><td><strong>Jueves<\/strong><\/td><td>jueves: Cerrado<\/td><\/tr><tr><td><strong>Viernes<\/strong><\/td><td>viernes: Cerrado<\/td><\/tr><tr><td><strong>S\u00e1bado<\/strong><\/td><td>s\u00e1bado: 16:00\u201318:00<\/td><\/tr><tr><td><strong>Domingo<\/strong><\/td><td>domingo: 11:00\u201313:00<\/td><\/tr><\/tbody><\/table><\/figure>\n\n\n\n<\/div><\/div>\n\n\n\n<div class=\"su-service\"><div class=\"su-service-title\" style=\"padding-left:46px;min-height:32px;line-height:32px\"><i class=\"sui sui-star\" style=\"font-size:32px;color:#2471a3\"><\/i> Valoraci\u00f3n de los clientes<\/div><div class=\"su-service-content su-u-clearfix su-u-trim\" style=\"padding-left:46px\">5 \/ 5 (8 votos) <\/div><\/div>\n<\/div>\n<\/div>\n\n\n\n<div class=\"wp-block-columns is-layout-flex wp-container-core-columns-is-layout-9d6595d7 wp-block-columns-is-layout-flex\">\n<div class=\"wp-block-column mapa2 is-layout-flow wp-block-column-is-layout-flow\">\n<div class=\"su-gmap su-u-responsive-media-yes mapa\"><iframe loading=\"lazy\" width=\"600\" height=\"280\" src=\"\/\/maps.google.com\/maps?q=Escuela%20De%20Adiestramiento%20Victor%20Cuesta%2C%2018%2C%20Lugar%20Villamiana%2C%2018%2C%2033195%20Oviedo%2C%20Asturias&amp;output=embed&amp;z=20\" title=\"\"><\/iframe><\/div>\n<\/div>\n<\/div>\n\n\n\n<div class=\"wp-block-columns is-layout-flex wp-container-core-columns-is-layout-9d6595d7 wp-block-columns-is-layout-flex\">\n<div class=\"wp-block-column is-layout-flow wp-block-column-is-layout-flow\"><a href=\"https:\/\/www.adiestradorcanino.com\/webdelperro\/asturias\/oviedo\/adiestramiento-canino-escuela-de-adiestramiento-victor-cuesta-en-oviedo-asturias\/\" style=\"width:100%;text-align:center;border-radius:6px;background-color:#2471a3;color:#ffffff;padding:16px 26px;text-decoration:none;display:inline-block;font-weight:600;\">Ver negocio<\/a>\n<\/div>\n<\/div>\n\n<h2 class=\"wp-block-heading\"><strong>Noble Y Fiel Amigo<\/strong><\/h2>\n\n\n\n<div class=\"wp-block-columns nc-fichas-en-categorias is-layout-flex wp-container-core-columns-is-layout-9d6595d7 wp-block-columns-is-layout-flex\">\n<div class=\"wp-block-column is-vertically-aligned-center is-layout-flow wp-block-column-is-layout-flow\">\n<figure class=\"wp-block-image size-full\"><img decoding=\"async\" src=\"https:\/\/www.adiestradorcanino.com\/webdelperro\/wp-content\/uploads\/2025\/07\/Noble-Y-Fiel-Amigo.jpg\" alt=\"Negocio Noble Y Fiel Amigo\" class=\"wp-image-19766\"\/><\/figure>\n\n\n\n<p><\/p>\n<\/div>\n\n\n\n<div class=\"wp-block-column is-vertically-aligned-center is-layout-flow wp-block-column-is-layout-flow\">\n<div class=\"su-service\"><div class=\"su-service-title\" style=\"padding-left:46px;min-height:32px;line-height:32px\"><i class=\"sui sui-user\" style=\"font-size:32px;color:#2471a3\"><\/i> <strong>Nombre<\/strong><\/div><div class=\"su-service-content su-u-clearfix su-u-trim\" style=\"padding-left:46px\">Noble Y Fiel Amigo<\/div><\/div>\n\n\n\n<div class=\"su-service\"><div class=\"su-service-title\" style=\"padding-left:46px;min-height:32px;line-height:32px\"><i class=\"sui sui-map-marker\" style=\"font-size:32px;color:#2471a3\"><\/i> <strong>Direcci\u00f3n<\/strong><\/div><div class=\"su-service-content su-u-clearfix su-u-trim\" style=\"padding-left:46px\">33960, 33006 Oviedo, Asturias<\/div><\/div>\n\n\n\n<div class=\"su-service\"><div class=\"su-service-title\" style=\"padding-left:46px;min-height:32px;line-height:32px\"><i class=\"sui sui-volume-control-phone\" style=\"font-size:32px;color:#2471a3\"><\/i> <strong>Tel\u00e9fono<\/strong><\/div><div class=\"su-service-content su-u-clearfix su-u-trim\" style=\"padding-left:46px\">684 62 38 47<\/div><\/div>\n\n\n\n<div class=\"su-service\"><div class=\"su-service-title\" style=\"padding-left:46px;min-height:32px;line-height:32px\"><i class=\"sui sui-globe\" style=\"font-size:32px;color:#2471a3\"><\/i> <strong>Sitio web<\/strong><\/div><div class=\"su-service-content su-u-clearfix su-u-trim\" style=\"padding-left:46px\"><\/div><\/div>\n\n\n\n<p class=\"has-text-align-left\"><div class=\"su-service\"><div class=\"su-service-title\" style=\"padding-left:46px;min-height:32px;line-height:32px\"><i class=\"sui sui-clock-o\" style=\"font-size:32px;color:#2471a3\"><\/i> <strong>Horarios<\/strong><\/div><div class=\"su-service-content su-u-clearfix su-u-trim\" style=\"padding-left:46px\">\n\n\n\n<figure class=\"wp-block-table\"><table><tbody><tr><td><strong>Lunes<\/strong><\/td><td>lunes: 9:30\u201322:00<\/td><\/tr><tr><td><strong>Martes<\/strong><\/td><td>martes: 9:30\u201322:00<\/td><\/tr><tr><td><strong>Mi\u00e9rcoles<\/strong><\/td><td>mi\u00e9rcoles: 9:30\u201322:00<\/td><\/tr><tr><td><strong>Jueves<\/strong><\/td><td>jueves: 9:30\u201322:00<\/td><\/tr><tr><td><strong>Viernes<\/strong><\/td><td>viernes: 9:30\u201322:00<\/td><\/tr><tr><td><strong>S\u00e1bado<\/strong><\/td><td>s\u00e1bado: 9:30\u201322:00<\/td><\/tr><tr><td><strong>Domingo<\/strong><\/td><td>domingo: 10:00\u201321:00<\/td><\/tr><\/tbody><\/table><\/figure>\n\n\n\n<\/div><\/div>\n\n\n\n<div class=\"su-service\"><div class=\"su-service-title\" style=\"padding-left:46px;min-height:32px;line-height:32px\"><i class=\"sui sui-star\" style=\"font-size:32px;color:#2471a3\"><\/i> Valoraci\u00f3n de los clientes<\/div><div class=\"su-service-content su-u-clearfix su-u-trim\" style=\"padding-left:46px\">4.7 \/ 5 (55 votos) <\/div><\/div>\n<\/div>\n<\/div>\n\n\n\n<div class=\"wp-block-columns is-layout-flex wp-container-core-columns-is-layout-9d6595d7 wp-block-columns-is-layout-flex\">\n<div class=\"wp-block-column mapa2 is-layout-flow wp-block-column-is-layout-flow\">\n<div class=\"su-gmap su-u-responsive-media-yes mapa\"><iframe loading=\"lazy\" width=\"600\" height=\"280\" src=\"\/\/maps.google.com\/maps?q=Noble%20Y%20Fiel%20Amigo%2C%2033960%2C%2033006%20Oviedo%2C%20Asturias&amp;output=embed&amp;z=20\" title=\"\"><\/iframe><\/div>\n<\/div>\n<\/div>\n\n\n\n<div class=\"wp-block-columns is-layout-flex wp-container-core-columns-is-layout-9d6595d7 wp-block-columns-is-layout-flex\">\n<div class=\"wp-block-column is-layout-flow wp-block-column-is-layout-flow\"><a href=\"https:\/\/www.adiestradorcanino.com\/webdelperro\/asturias\/oviedo\/adiestramiento-canino-noble-y-fiel-amigo-en-oviedo-asturias\/\" style=\"width:100%;text-align:center;border-radius:6px;background-color:#2471a3;color:#ffffff;padding:16px 26px;text-decoration:none;display:inline-block;font-weight:600;\">Ver negocio<\/a>\n<\/div>\n<\/div>\n\n<div class=\"concl\">En este espacio encontrar\u00e1s alternativas confiables y recomendadas de entrenamiento de perros en Oviedo. Incrementa el bienestar de tu perro y desarrolla una relaci\u00f3n arm\u00f3nica y plena desde hoy.<br \/><br \/>Investiga las m\u00e1s recomendadas soluciones de adiestramiento canino en Oviedo y localiza al experto id\u00f3neo para colaborar contigo a entender mejor a tu perro y alcanzar una convivencia armoniosa.<\/div>","protected":false},"excerpt":{"rendered":"<p>El adiestramiento de perros en Oviedo se considera fundamental para incrementar la interacci\u00f3n con tu perro. En este lugar puedes descubrir adiestradores y centros dedicados que te apoyar\u00e1n a educar a tu perro con t\u00e9cnicas fundamentados en el respeto y la comunicaci\u00f3n. Tanto si est\u00e9s buscando obediencia fundamental para un cachorro o la correcci\u00f3n de [&hellip;]<\/p>\n","protected":false},"author":2,"featured_media":0,"parent":7737,"menu_order":0,"comment_status":"closed","ping_status":"closed","template":"","meta":{"_et_pb_use_builder":"","_et_pb_old_content":"","_et_gb_content_width":"","footnotes":""},"tags":[842],"class_list":["post-7745","page","type-page","status-publish","hentry","tag-asturias"],"_links":{"self":[{"href":"https:\/\/www.adiestradorcanino.com\/webdelperro\/wp-json\/wp\/v2\/pages\/7745","targetHints":{"allow":["GET"]}}],"collection":[{"href":"https:\/\/www.adiestradorcanino.com\/webdelperro\/wp-json\/wp\/v2\/pages"}],"about":[{"href":"https:\/\/www.adiestradorcanino.com\/webdelperro\/wp-json\/wp\/v2\/types\/page"}],"author":[{"embeddable":true,"href":"https:\/\/www.adiestradorcanino.com\/webdelperro\/wp-json\/wp\/v2\/users\/2"}],"replies":[{"embeddable":true,"href":"https:\/\/www.adiestradorcanino.com\/webdelperro\/wp-json\/wp\/v2\/comments?post=7745"}],"version-history":[{"count":0,"href":"https:\/\/www.adiestradorcanino.com\/webdelperro\/wp-json\/wp\/v2\/pages\/7745\/revisions"}],"up":[{"embeddable":true,"href":"https:\/\/www.adiestradorcanino.com\/webdelperro\/wp-json\/wp\/v2\/pages\/7737"}],"wp:attachment":[{"href":"https:\/\/www.adiestradorcanino.com\/webdelperro\/wp-json\/wp\/v2\/media?parent=7745"}],"wp:term":[{"taxonomy":"post_tag","embeddable":true,"href":"https:\/\/www.adiestradorcanino.com\/webdelperro\/wp-json\/wp\/v2\/tags?post=7745"}],"curies":[{"name":"wp","href":"https:\/\/api.w.org\/{rel}","templated":true}]}}