{"id":7739,"date":"2025-07-08T12:51:03","date_gmt":"2025-07-08T12:51:03","guid":{"rendered":"https:\/\/www.adiestradorcanino.com\/webdelperro\/asturias\/gijon\/"},"modified":"2025-07-08T12:51:04","modified_gmt":"2025-07-08T12:51:04","slug":"gijon","status":"publish","type":"page","link":"https:\/\/www.adiestradorcanino.com\/webdelperro\/asturias\/gijon\/","title":{"rendered":"Adiestramiento canino en Gij\u00f3n"},"content":{"rendered":"<div class=\"descripcion\">La educaci\u00f3n de perros en Gij\u00f3n resulta fundamental para mejorar la interacci\u00f3n con tu mascota. En este sitio puedes localizar adiestradores y centros especializados que te asistir\u00e1n a educar a su mascota con m\u00e9todos fundamentados en el trato respetuoso y la interacci\u00f3n. <br \/><br \/>Ya sea que est\u00e9s buscando obediencia fundamental para un cachorro o la correcci\u00f3n de conductas complejos en canes mayores, en Gij\u00f3n hay expertos cualificados para toda necesidad, colaborando con planes adaptados.<\/div>\n<h2 class=\"wp-block-heading\"><strong>Adiestrador Canino Sen\u00e9n<\/strong><\/h2>\n\n\n\n<div class=\"wp-block-columns nc-fichas-en-categorias is-layout-flex wp-container-core-columns-is-layout-9d6595d7 wp-block-columns-is-layout-flex\">\n<div class=\"wp-block-column is-vertically-aligned-center is-layout-flow wp-block-column-is-layout-flow\">\n<figure class=\"wp-block-image size-full\"><img decoding=\"async\" src=\"https:\/\/www.adiestradorcanino.com\/webdelperro\/wp-content\/uploads\/2025\/07\/Adiestrador-Canino-Senen.png\" alt=\"Negocio Adiestrador Canino Sen\u00e9n\" class=\"wp-image-19766\"\/><\/figure>\n\n\n\n<p><\/p>\n<\/div>\n\n\n\n<div class=\"wp-block-column is-vertically-aligned-center is-layout-flow wp-block-column-is-layout-flow\">\n<div class=\"su-service\"><div class=\"su-service-title\" style=\"padding-left:46px;min-height:32px;line-height:32px\"><i class=\"sui sui-user\" style=\"font-size:32px;color:#2471a3\"><\/i> <strong>Nombre<\/strong><\/div><div class=\"su-service-content su-u-clearfix su-u-trim\" style=\"padding-left:46px\">Adiestrador Canino Sen\u00e9n<\/div><\/div>\n\n\n\n<div class=\"su-service\"><div class=\"su-service-title\" style=\"padding-left:46px;min-height:32px;line-height:32px\"><i class=\"sui sui-map-marker\" style=\"font-size:32px;color:#2471a3\"><\/i> <strong>Direcci\u00f3n<\/strong><\/div><div class=\"su-service-content su-u-clearfix su-u-trim\" style=\"padding-left:46px\">Cam. del Cortijo, 52, Gijon-Oeste, 33212 Gij\u00f3n, Asturias<\/div><\/div>\n\n\n\n<div class=\"su-service\"><div class=\"su-service-title\" style=\"padding-left:46px;min-height:32px;line-height:32px\"><i class=\"sui sui-volume-control-phone\" style=\"font-size:32px;color:#2471a3\"><\/i> <strong>Tel\u00e9fono<\/strong><\/div><div class=\"su-service-content su-u-clearfix su-u-trim\" style=\"padding-left:46px\"><\/div><\/div>\n\n\n\n<div class=\"su-service\"><div class=\"su-service-title\" style=\"padding-left:46px;min-height:32px;line-height:32px\"><i class=\"sui sui-globe\" style=\"font-size:32px;color:#2471a3\"><\/i> <strong>Sitio web<\/strong><\/div><div class=\"su-service-content su-u-clearfix su-u-trim\" style=\"padding-left:46px\">https:\/\/adiestramientocaninosenen.com\/<\/div><\/div>\n\n\n\n<p class=\"has-text-align-left\"><div class=\"su-service\"><div class=\"su-service-title\" style=\"padding-left:46px;min-height:32px;line-height:32px\"><i class=\"sui sui-clock-o\" style=\"font-size:32px;color:#2471a3\"><\/i> <strong>Horarios<\/strong><\/div><div class=\"su-service-content su-u-clearfix su-u-trim\" style=\"padding-left:46px\">\n\n\n\n<figure class=\"wp-block-table\"><table><tbody><tr><td><strong>Lunes<\/strong><\/td><td><\/td><\/tr><tr><td><strong>Martes<\/strong><\/td><td><\/td><\/tr><tr><td><strong>Mi\u00e9rcoles<\/strong><\/td><td><\/td><\/tr><tr><td><strong>Jueves<\/strong><\/td><td><\/td><\/tr><tr><td><strong>Viernes<\/strong><\/td><td><\/td><\/tr><tr><td><strong>S\u00e1bado<\/strong><\/td><td><\/td><\/tr><tr><td><strong>Domingo<\/strong><\/td><td><\/td><\/tr><\/tbody><\/table><\/figure>\n\n\n\n<\/div><\/div>\n\n\n\n<div class=\"su-service\"><div class=\"su-service-title\" style=\"padding-left:46px;min-height:32px;line-height:32px\"><i class=\"sui sui-star\" style=\"font-size:32px;color:#2471a3\"><\/i> Valoraci\u00f3n de los clientes<\/div><div class=\"su-service-content su-u-clearfix su-u-trim\" style=\"padding-left:46px\">5 \/ 5 (1 votos) <\/div><\/div>\n<\/div>\n<\/div>\n\n\n\n<div class=\"wp-block-columns is-layout-flex wp-container-core-columns-is-layout-9d6595d7 wp-block-columns-is-layout-flex\">\n<div class=\"wp-block-column mapa2 is-layout-flow wp-block-column-is-layout-flow\">\n<div class=\"su-gmap su-u-responsive-media-yes mapa\"><iframe loading=\"lazy\" width=\"600\" height=\"280\" src=\"\/\/maps.google.com\/maps?q=Adiestrador%20Canino%20Sen%C3%A9n%2C%20Cam.%20del%20Cortijo%2C%2052%2C%20Gijon-Oeste%2C%2033212%20Gij%C3%B3n%2C%20Asturias&amp;output=embed&amp;z=20\" title=\"\"><\/iframe><\/div>\n<\/div>\n<\/div>\n\n\n\n<div class=\"wp-block-columns is-layout-flex wp-container-core-columns-is-layout-9d6595d7 wp-block-columns-is-layout-flex\">\n<div class=\"wp-block-column is-layout-flow wp-block-column-is-layout-flow\"><a href=\"https:\/\/www.adiestradorcanino.com\/webdelperro\/asturias\/gijon\/adiestramiento-canino-adiestrador-canino-senen-en-gijon-asturias\/\" style=\"width:100%;text-align:center;border-radius:6px;background-color:#2471a3;color:#ffffff;padding:16px 26px;text-decoration:none;display:inline-block;font-weight:600;\">Ver negocio<\/a>\n<\/div>\n<\/div>\n\n<h2 class=\"wp-block-heading\"><strong>Ciudadano Can<\/strong><\/h2>\n\n\n\n<div class=\"wp-block-columns nc-fichas-en-categorias is-layout-flex wp-container-core-columns-is-layout-9d6595d7 wp-block-columns-is-layout-flex\">\n<div class=\"wp-block-column is-vertically-aligned-center is-layout-flow wp-block-column-is-layout-flow\">\n<figure class=\"wp-block-image size-full\"><img decoding=\"async\" src=\"https:\/\/www.adiestradorcanino.com\/webdelperro\/wp-content\/uploads\/2025\/07\/Ciudadano-Can.png\" alt=\"Negocio Ciudadano Can\" class=\"wp-image-19766\"\/><\/figure>\n\n\n\n<p><\/p>\n<\/div>\n\n\n\n<div class=\"wp-block-column is-vertically-aligned-center is-layout-flow wp-block-column-is-layout-flow\">\n<div class=\"su-service\"><div class=\"su-service-title\" style=\"padding-left:46px;min-height:32px;line-height:32px\"><i class=\"sui sui-user\" style=\"font-size:32px;color:#2471a3\"><\/i> <strong>Nombre<\/strong><\/div><div class=\"su-service-content su-u-clearfix su-u-trim\" style=\"padding-left:46px\">Ciudadano Can<\/div><\/div>\n\n\n\n<div class=\"su-service\"><div class=\"su-service-title\" style=\"padding-left:46px;min-height:32px;line-height:32px\"><i class=\"sui sui-map-marker\" style=\"font-size:32px;color:#2471a3\"><\/i> <strong>Direcci\u00f3n<\/strong><\/div><div class=\"su-service-content su-u-clearfix su-u-trim\" style=\"padding-left:46px\">Cam. de Genar\u00edn, 89, Periurbano &#8211; Rural, 33391 Gij\u00f3n, Asturias<\/div><\/div>\n\n\n\n<div class=\"su-service\"><div class=\"su-service-title\" style=\"padding-left:46px;min-height:32px;line-height:32px\"><i class=\"sui sui-volume-control-phone\" style=\"font-size:32px;color:#2471a3\"><\/i> <strong>Tel\u00e9fono<\/strong><\/div><div class=\"su-service-content su-u-clearfix su-u-trim\" style=\"padding-left:46px\">622 03 81 36<\/div><\/div>\n\n\n\n<div class=\"su-service\"><div class=\"su-service-title\" style=\"padding-left:46px;min-height:32px;line-height:32px\"><i class=\"sui sui-globe\" style=\"font-size:32px;color:#2471a3\"><\/i> <strong>Sitio web<\/strong><\/div><div class=\"su-service-content su-u-clearfix su-u-trim\" style=\"padding-left:46px\">http:\/\/www.ciudadanocan.info\/<\/div><\/div>\n\n\n\n<p class=\"has-text-align-left\"><div class=\"su-service\"><div class=\"su-service-title\" style=\"padding-left:46px;min-height:32px;line-height:32px\"><i class=\"sui sui-clock-o\" style=\"font-size:32px;color:#2471a3\"><\/i> <strong>Horarios<\/strong><\/div><div class=\"su-service-content su-u-clearfix su-u-trim\" style=\"padding-left:46px\">\n\n\n\n<figure class=\"wp-block-table\"><table><tbody><tr><td><strong>Lunes<\/strong><\/td><td><\/td><\/tr><tr><td><strong>Martes<\/strong><\/td><td><\/td><\/tr><tr><td><strong>Mi\u00e9rcoles<\/strong><\/td><td><\/td><\/tr><tr><td><strong>Jueves<\/strong><\/td><td><\/td><\/tr><tr><td><strong>Viernes<\/strong><\/td><td><\/td><\/tr><tr><td><strong>S\u00e1bado<\/strong><\/td><td><\/td><\/tr><tr><td><strong>Domingo<\/strong><\/td><td><\/td><\/tr><\/tbody><\/table><\/figure>\n\n\n\n<\/div><\/div>\n\n\n\n<div class=\"su-service\"><div class=\"su-service-title\" style=\"padding-left:46px;min-height:32px;line-height:32px\"><i class=\"sui sui-star\" style=\"font-size:32px;color:#2471a3\"><\/i> Valoraci\u00f3n de los clientes<\/div><div class=\"su-service-content su-u-clearfix su-u-trim\" style=\"padding-left:46px\">4.4 \/ 5 (42 votos) <\/div><\/div>\n<\/div>\n<\/div>\n\n\n\n<div class=\"wp-block-columns is-layout-flex wp-container-core-columns-is-layout-9d6595d7 wp-block-columns-is-layout-flex\">\n<div class=\"wp-block-column mapa2 is-layout-flow wp-block-column-is-layout-flow\">\n<div class=\"su-gmap su-u-responsive-media-yes mapa\"><iframe loading=\"lazy\" width=\"600\" height=\"280\" src=\"\/\/maps.google.com\/maps?q=Ciudadano%20Can%2C%20Cam.%20de%20Genar%C3%ADn%2C%2089%2C%20Periurbano%20-%20Rural%2C%2033391%20Gij%C3%B3n%2C%20Asturias&amp;output=embed&amp;z=20\" title=\"\"><\/iframe><\/div>\n<\/div>\n<\/div>\n\n\n\n<div class=\"wp-block-columns is-layout-flex wp-container-core-columns-is-layout-9d6595d7 wp-block-columns-is-layout-flex\">\n<div class=\"wp-block-column is-layout-flow wp-block-column-is-layout-flow\"><a href=\"https:\/\/www.adiestradorcanino.com\/webdelperro\/asturias\/gijon\/adiestramiento-canino-ciudadano-can-en-gijon-asturias\/\" style=\"width:100%;text-align:center;border-radius:6px;background-color:#2471a3;color:#ffffff;padding:16px 26px;text-decoration:none;display:inline-block;font-weight:600;\">Ver negocio<\/a>\n<\/div>\n<\/div>\n\n<h2 class=\"wp-block-heading\"><strong>Educador Canino Luc\u00eda Fern\u00e1ndez Rosa<\/strong><\/h2>\n\n\n\n<div class=\"wp-block-columns nc-fichas-en-categorias is-layout-flex wp-container-core-columns-is-layout-9d6595d7 wp-block-columns-is-layout-flex\">\n<div class=\"wp-block-column is-vertically-aligned-center is-layout-flow wp-block-column-is-layout-flow\">\n<figure class=\"wp-block-image size-full\"><img decoding=\"async\" src=\"https:\/\/www.adiestradorcanino.com\/webdelperro\/wp-content\/uploads\/2025\/07\/Educador-Canino-Lucia-Fernandez-Rosa.jpg\" alt=\"Negocio Educador Canino Luc\u00eda Fern\u00e1ndez Rosa\" class=\"wp-image-19766\"\/><\/figure>\n\n\n\n<p><\/p>\n<\/div>\n\n\n\n<div class=\"wp-block-column is-vertically-aligned-center is-layout-flow wp-block-column-is-layout-flow\">\n<div class=\"su-service\"><div class=\"su-service-title\" style=\"padding-left:46px;min-height:32px;line-height:32px\"><i class=\"sui sui-user\" style=\"font-size:32px;color:#2471a3\"><\/i> <strong>Nombre<\/strong><\/div><div class=\"su-service-content su-u-clearfix su-u-trim\" style=\"padding-left:46px\">Educador Canino Luc\u00eda Fern\u00e1ndez Rosa<\/div><\/div>\n\n\n\n<div class=\"su-service\"><div class=\"su-service-title\" style=\"padding-left:46px;min-height:32px;line-height:32px\"><i class=\"sui sui-map-marker\" style=\"font-size:32px;color:#2471a3\"><\/i> <strong>Direcci\u00f3n<\/strong><\/div><div class=\"su-service-content su-u-clearfix su-u-trim\" style=\"padding-left:46px\">C. Electra, 44, Centro, 33208 Gij\u00f3n, Asturias<\/div><\/div>\n\n\n\n<div class=\"su-service\"><div class=\"su-service-title\" style=\"padding-left:46px;min-height:32px;line-height:32px\"><i class=\"sui sui-volume-control-phone\" style=\"font-size:32px;color:#2471a3\"><\/i> <strong>Tel\u00e9fono<\/strong><\/div><div class=\"su-service-content su-u-clearfix su-u-trim\" style=\"padding-left:46px\">696 33 22 73<\/div><\/div>\n\n\n\n<div class=\"su-service\"><div class=\"su-service-title\" style=\"padding-left:46px;min-height:32px;line-height:32px\"><i class=\"sui sui-globe\" style=\"font-size:32px;color:#2471a3\"><\/i> <strong>Sitio web<\/strong><\/div><div class=\"su-service-content su-u-clearfix su-u-trim\" style=\"padding-left:46px\"><\/div><\/div>\n\n\n\n<p class=\"has-text-align-left\"><div class=\"su-service\"><div class=\"su-service-title\" style=\"padding-left:46px;min-height:32px;line-height:32px\"><i class=\"sui sui-clock-o\" style=\"font-size:32px;color:#2471a3\"><\/i> <strong>Horarios<\/strong><\/div><div class=\"su-service-content su-u-clearfix su-u-trim\" style=\"padding-left:46px\">\n\n\n\n<figure class=\"wp-block-table\"><table><tbody><tr><td><strong>Lunes<\/strong><\/td><td>lunes: 9:00\u201319:00<\/td><\/tr><tr><td><strong>Martes<\/strong><\/td><td>martes: 9:00\u201319:00<\/td><\/tr><tr><td><strong>Mi\u00e9rcoles<\/strong><\/td><td>mi\u00e9rcoles: 9:00\u201319:00<\/td><\/tr><tr><td><strong>Jueves<\/strong><\/td><td>jueves: 9:00\u201319:00<\/td><\/tr><tr><td><strong>Viernes<\/strong><\/td><td>viernes: 9:00\u201319:00<\/td><\/tr><tr><td><strong>S\u00e1bado<\/strong><\/td><td>s\u00e1bado: Cerrado<\/td><\/tr><tr><td><strong>Domingo<\/strong><\/td><td>domingo: Cerrado<\/td><\/tr><\/tbody><\/table><\/figure>\n\n\n\n<\/div><\/div>\n\n\n\n<div class=\"su-service\"><div class=\"su-service-title\" style=\"padding-left:46px;min-height:32px;line-height:32px\"><i class=\"sui sui-star\" style=\"font-size:32px;color:#2471a3\"><\/i> Valoraci\u00f3n de los clientes<\/div><div class=\"su-service-content su-u-clearfix su-u-trim\" style=\"padding-left:46px\">5 \/ 5 (91 votos) <\/div><\/div>\n<\/div>\n<\/div>\n\n\n\n<div class=\"wp-block-columns is-layout-flex wp-container-core-columns-is-layout-9d6595d7 wp-block-columns-is-layout-flex\">\n<div class=\"wp-block-column mapa2 is-layout-flow wp-block-column-is-layout-flow\">\n<div class=\"su-gmap su-u-responsive-media-yes mapa\"><iframe loading=\"lazy\" width=\"600\" height=\"280\" src=\"\/\/maps.google.com\/maps?q=Educador%20Canino%20Luc%C3%ADa%20Fern%C3%A1ndez%20Rosa%2C%20C.%20Electra%2C%2044%2C%20Centro%2C%2033208%20Gij%C3%B3n%2C%20Asturias&amp;output=embed&amp;z=20\" title=\"\"><\/iframe><\/div>\n<\/div>\n<\/div>\n\n\n\n<div class=\"wp-block-columns is-layout-flex wp-container-core-columns-is-layout-9d6595d7 wp-block-columns-is-layout-flex\">\n<div class=\"wp-block-column is-layout-flow wp-block-column-is-layout-flow\"><a href=\"https:\/\/www.adiestradorcanino.com\/webdelperro\/asturias\/gijon\/adiestramiento-canino-educador-canino-lucia-fernandez-rosa-en-gijon-asturias\/\" style=\"width:100%;text-align:center;border-radius:6px;background-color:#2471a3;color:#ffffff;padding:16px 26px;text-decoration:none;display:inline-block;font-weight:600;\">Ver negocio<\/a>\n<\/div>\n<\/div>\n\n<h2 class=\"wp-block-heading\"><strong>Happycan Gij\u00f3n<\/strong><\/h2>\n\n\n\n<div class=\"wp-block-columns nc-fichas-en-categorias is-layout-flex wp-container-core-columns-is-layout-9d6595d7 wp-block-columns-is-layout-flex\">\n<div class=\"wp-block-column is-vertically-aligned-center is-layout-flow wp-block-column-is-layout-flow\">\n<figure class=\"wp-block-image size-full\"><img decoding=\"async\" src=\"https:\/\/www.adiestradorcanino.com\/webdelperro\/wp-content\/uploads\/2025\/07\/Happycan-Gijon.png\" alt=\"Negocio Happycan Gij\u00f3n\" class=\"wp-image-19766\"\/><\/figure>\n\n\n\n<p><\/p>\n<\/div>\n\n\n\n<div class=\"wp-block-column is-vertically-aligned-center is-layout-flow wp-block-column-is-layout-flow\">\n<div class=\"su-service\"><div class=\"su-service-title\" style=\"padding-left:46px;min-height:32px;line-height:32px\"><i class=\"sui sui-user\" style=\"font-size:32px;color:#2471a3\"><\/i> <strong>Nombre<\/strong><\/div><div class=\"su-service-content su-u-clearfix su-u-trim\" style=\"padding-left:46px\">Happycan Gij\u00f3n<\/div><\/div>\n\n\n\n<div class=\"su-service\"><div class=\"su-service-title\" style=\"padding-left:46px;min-height:32px;line-height:32px\"><i class=\"sui sui-map-marker\" style=\"font-size:32px;color:#2471a3\"><\/i> <strong>Direcci\u00f3n<\/strong><\/div><div class=\"su-service-content su-u-clearfix su-u-trim\" style=\"padding-left:46px\">Tr.\u00aa del Convento, 8, Centro, 33202 Gij\u00f3n, Asturias<\/div><\/div>\n\n\n\n<div class=\"su-service\"><div class=\"su-service-title\" style=\"padding-left:46px;min-height:32px;line-height:32px\"><i class=\"sui sui-volume-control-phone\" style=\"font-size:32px;color:#2471a3\"><\/i> <strong>Tel\u00e9fono<\/strong><\/div><div class=\"su-service-content su-u-clearfix su-u-trim\" style=\"padding-left:46px\">684 69 37 06<\/div><\/div>\n\n\n\n<div class=\"su-service\"><div class=\"su-service-title\" style=\"padding-left:46px;min-height:32px;line-height:32px\"><i class=\"sui sui-globe\" style=\"font-size:32px;color:#2471a3\"><\/i> <strong>Sitio web<\/strong><\/div><div class=\"su-service-content su-u-clearfix su-u-trim\" style=\"padding-left:46px\">https:\/\/happycangijon.com\/<\/div><\/div>\n\n\n\n<p class=\"has-text-align-left\"><div class=\"su-service\"><div class=\"su-service-title\" style=\"padding-left:46px;min-height:32px;line-height:32px\"><i class=\"sui sui-clock-o\" style=\"font-size:32px;color:#2471a3\"><\/i> <strong>Horarios<\/strong><\/div><div class=\"su-service-content su-u-clearfix su-u-trim\" style=\"padding-left:46px\">\n\n\n\n<figure class=\"wp-block-table\"><table><tbody><tr><td><strong>Lunes<\/strong><\/td><td>lunes: 10:00\u201314:00, 16:00\u201320:30<\/td><\/tr><tr><td><strong>Martes<\/strong><\/td><td>martes: 10:00\u201314:00, 16:00\u201320:30<\/td><\/tr><tr><td><strong>Mi\u00e9rcoles<\/strong><\/td><td>mi\u00e9rcoles: 10:00\u201314:00, 16:00\u201320:30<\/td><\/tr><tr><td><strong>Jueves<\/strong><\/td><td>jueves: 10:00\u201314:00, 16:00\u201320:30<\/td><\/tr><tr><td><strong>Viernes<\/strong><\/td><td>viernes: 10:00\u201314:00, 16:00\u201320:30<\/td><\/tr><tr><td><strong>S\u00e1bado<\/strong><\/td><td>s\u00e1bado: Cerrado<\/td><\/tr><tr><td><strong>Domingo<\/strong><\/td><td>domingo: Cerrado<\/td><\/tr><\/tbody><\/table><\/figure>\n\n\n\n<\/div><\/div>\n\n\n\n<div class=\"su-service\"><div class=\"su-service-title\" style=\"padding-left:46px;min-height:32px;line-height:32px\"><i class=\"sui sui-star\" style=\"font-size:32px;color:#2471a3\"><\/i> Valoraci\u00f3n de los clientes<\/div><div class=\"su-service-content su-u-clearfix su-u-trim\" style=\"padding-left:46px\">5 \/ 5 (36 votos) <\/div><\/div>\n<\/div>\n<\/div>\n\n\n\n<div class=\"wp-block-columns is-layout-flex wp-container-core-columns-is-layout-9d6595d7 wp-block-columns-is-layout-flex\">\n<div class=\"wp-block-column mapa2 is-layout-flow wp-block-column-is-layout-flow\">\n<div class=\"su-gmap su-u-responsive-media-yes mapa\"><iframe loading=\"lazy\" width=\"600\" height=\"280\" src=\"\/\/maps.google.com\/maps?q=Happycan%20Gij%C3%B3n%2C%20Tr.%C2%AA%20del%20Convento%2C%208%2C%20Centro%2C%2033202%20Gij%C3%B3n%2C%20Asturias&amp;output=embed&amp;z=20\" title=\"\"><\/iframe><\/div>\n<\/div>\n<\/div>\n\n\n\n<div class=\"wp-block-columns is-layout-flex wp-container-core-columns-is-layout-9d6595d7 wp-block-columns-is-layout-flex\">\n<div class=\"wp-block-column is-layout-flow wp-block-column-is-layout-flow\"><a href=\"https:\/\/www.adiestradorcanino.com\/webdelperro\/asturias\/gijon\/adiestramiento-canino-happycan-gijon-en-gijon-asturias\/\" style=\"width:100%;text-align:center;border-radius:6px;background-color:#2471a3;color:#ffffff;padding:16px 26px;text-decoration:none;display:inline-block;font-weight:600;\">Ver negocio<\/a>\n<\/div>\n<\/div>\n\n<h2 class=\"wp-block-heading\"><strong>Jotacan<\/strong><\/h2>\n\n\n\n<div class=\"wp-block-columns nc-fichas-en-categorias is-layout-flex wp-container-core-columns-is-layout-9d6595d7 wp-block-columns-is-layout-flex\">\n<div class=\"wp-block-column is-vertically-aligned-center is-layout-flow wp-block-column-is-layout-flow\">\n<figure class=\"wp-block-image size-full\"><img decoding=\"async\" src=\"https:\/\/www.adiestradorcanino.com\/webdelperro\/wp-content\/uploads\/2025\/07\/Jotacan.png\" alt=\"Negocio Jotacan\" class=\"wp-image-19766\"\/><\/figure>\n\n\n\n<p><\/p>\n<\/div>\n\n\n\n<div class=\"wp-block-column is-vertically-aligned-center is-layout-flow wp-block-column-is-layout-flow\">\n<div class=\"su-service\"><div class=\"su-service-title\" style=\"padding-left:46px;min-height:32px;line-height:32px\"><i class=\"sui sui-user\" style=\"font-size:32px;color:#2471a3\"><\/i> <strong>Nombre<\/strong><\/div><div class=\"su-service-content su-u-clearfix su-u-trim\" style=\"padding-left:46px\">Jotacan<\/div><\/div>\n\n\n\n<div class=\"su-service\"><div class=\"su-service-title\" style=\"padding-left:46px;min-height:32px;line-height:32px\"><i class=\"sui sui-map-marker\" style=\"font-size:32px;color:#2471a3\"><\/i> <strong>Direcci\u00f3n<\/strong><\/div><div class=\"su-service-content su-u-clearfix su-u-trim\" style=\"padding-left:46px\">Cam. de Las Medinas, Periurbano &#8211; Rural, 33391 Gij\u00f3n, Asturias<\/div><\/div>\n\n\n\n<div class=\"su-service\"><div class=\"su-service-title\" style=\"padding-left:46px;min-height:32px;line-height:32px\"><i class=\"sui sui-volume-control-phone\" style=\"font-size:32px;color:#2471a3\"><\/i> <strong>Tel\u00e9fono<\/strong><\/div><div class=\"su-service-content su-u-clearfix su-u-trim\" style=\"padding-left:46px\">686 16 35 27<\/div><\/div>\n\n\n\n<div class=\"su-service\"><div class=\"su-service-title\" style=\"padding-left:46px;min-height:32px;line-height:32px\"><i class=\"sui sui-globe\" style=\"font-size:32px;color:#2471a3\"><\/i> <strong>Sitio web<\/strong><\/div><div class=\"su-service-content su-u-clearfix su-u-trim\" style=\"padding-left:46px\">https:\/\/jotacan.es\/<\/div><\/div>\n\n\n\n<p class=\"has-text-align-left\"><div class=\"su-service\"><div class=\"su-service-title\" style=\"padding-left:46px;min-height:32px;line-height:32px\"><i class=\"sui sui-clock-o\" style=\"font-size:32px;color:#2471a3\"><\/i> <strong>Horarios<\/strong><\/div><div class=\"su-service-content su-u-clearfix su-u-trim\" style=\"padding-left:46px\">\n\n\n\n<figure class=\"wp-block-table\"><table><tbody><tr><td><strong>Lunes<\/strong><\/td><td>lunes: 9:00\u201321:00<\/td><\/tr><tr><td><strong>Martes<\/strong><\/td><td>martes: 9:00\u201321:00<\/td><\/tr><tr><td><strong>Mi\u00e9rcoles<\/strong><\/td><td>mi\u00e9rcoles: 9:00\u201321:00<\/td><\/tr><tr><td><strong>Jueves<\/strong><\/td><td>jueves: 9:00\u201321:00<\/td><\/tr><tr><td><strong>Viernes<\/strong><\/td><td>viernes: 9:00\u201321:00<\/td><\/tr><tr><td><strong>S\u00e1bado<\/strong><\/td><td>s\u00e1bado: 9:00\u201313:30<\/td><\/tr><tr><td><strong>Domingo<\/strong><\/td><td>domingo: Abierto 24 horas<\/td><\/tr><\/tbody><\/table><\/figure>\n\n\n\n<\/div><\/div>\n\n\n\n<div class=\"su-service\"><div class=\"su-service-title\" style=\"padding-left:46px;min-height:32px;line-height:32px\"><i class=\"sui sui-star\" style=\"font-size:32px;color:#2471a3\"><\/i> Valoraci\u00f3n de los clientes<\/div><div class=\"su-service-content su-u-clearfix su-u-trim\" style=\"padding-left:46px\">5 \/ 5 (57 votos) <\/div><\/div>\n<\/div>\n<\/div>\n\n\n\n<div class=\"wp-block-columns is-layout-flex wp-container-core-columns-is-layout-9d6595d7 wp-block-columns-is-layout-flex\">\n<div class=\"wp-block-column mapa2 is-layout-flow wp-block-column-is-layout-flow\">\n<div class=\"su-gmap su-u-responsive-media-yes mapa\"><iframe loading=\"lazy\" width=\"600\" height=\"280\" src=\"\/\/maps.google.com\/maps?q=Jotacan%2C%20Cam.%20de%20Las%20Medinas%2C%20Periurbano%20-%20Rural%2C%2033391%20Gij%C3%B3n%2C%20Asturias&amp;output=embed&amp;z=20\" title=\"\"><\/iframe><\/div>\n<\/div>\n<\/div>\n\n\n\n<div class=\"wp-block-columns is-layout-flex wp-container-core-columns-is-layout-9d6595d7 wp-block-columns-is-layout-flex\">\n<div class=\"wp-block-column is-layout-flow wp-block-column-is-layout-flow\"><a href=\"https:\/\/www.adiestradorcanino.com\/webdelperro\/asturias\/gijon\/adiestramiento-canino-jotacan-en-gijon-asturias\/\" style=\"width:100%;text-align:center;border-radius:6px;background-color:#2471a3;color:#ffffff;padding:16px 26px;text-decoration:none;display:inline-block;font-weight:600;\">Ver negocio<\/a>\n<\/div>\n<\/div>\n\n<h2 class=\"wp-block-heading\"><strong>Peluquer\u00eda, Guarder\u00eda Y Educaci\u00f3n Canina Pelos &amp; Patas<\/strong><\/h2>\n\n\n\n<div class=\"wp-block-columns nc-fichas-en-categorias is-layout-flex wp-container-core-columns-is-layout-9d6595d7 wp-block-columns-is-layout-flex\">\n<div class=\"wp-block-column is-vertically-aligned-center is-layout-flow wp-block-column-is-layout-flow\">\n<figure class=\"wp-block-image size-full\"><img decoding=\"async\" src=\"https:\/\/www.adiestradorcanino.com\/webdelperro\/wp-content\/uploads\/2025\/07\/Peluqueria-Guarderia-Y-Educacion-Canina-Pelos-Patas.jpg\" alt=\"Negocio Peluquer\u00eda, Guarder\u00eda Y Educaci\u00f3n Canina Pelos &amp; Patas\" class=\"wp-image-19766\"\/><\/figure>\n\n\n\n<p><\/p>\n<\/div>\n\n\n\n<div class=\"wp-block-column is-vertically-aligned-center is-layout-flow wp-block-column-is-layout-flow\">\n<div class=\"su-service\"><div class=\"su-service-title\" style=\"padding-left:46px;min-height:32px;line-height:32px\"><i class=\"sui sui-user\" style=\"font-size:32px;color:#2471a3\"><\/i> <strong>Nombre<\/strong><\/div><div class=\"su-service-content su-u-clearfix su-u-trim\" style=\"padding-left:46px\">Peluquer\u00eda, Guarder\u00eda Y Educaci\u00f3n Canina Pelos &amp; Patas<\/div><\/div>\n\n\n\n<div class=\"su-service\"><div class=\"su-service-title\" style=\"padding-left:46px;min-height:32px;line-height:32px\"><i class=\"sui sui-map-marker\" style=\"font-size:32px;color:#2471a3\"><\/i> <strong>Direcci\u00f3n<\/strong><\/div><div class=\"su-service-content su-u-clearfix su-u-trim\" style=\"padding-left:46px\">Tr.\u00aa del Convento, 8, Bajo, Centro, 33202 Gij\u00f3n, Asturias<\/div><\/div>\n\n\n\n<div class=\"su-service\"><div class=\"su-service-title\" style=\"padding-left:46px;min-height:32px;line-height:32px\"><i class=\"sui sui-volume-control-phone\" style=\"font-size:32px;color:#2471a3\"><\/i> <strong>Tel\u00e9fono<\/strong><\/div><div class=\"su-service-content su-u-clearfix su-u-trim\" style=\"padding-left:46px\">984 19 17 72<\/div><\/div>\n\n\n\n<div class=\"su-service\"><div class=\"su-service-title\" style=\"padding-left:46px;min-height:32px;line-height:32px\"><i class=\"sui sui-globe\" style=\"font-size:32px;color:#2471a3\"><\/i> <strong>Sitio web<\/strong><\/div><div class=\"su-service-content su-u-clearfix su-u-trim\" style=\"padding-left:46px\">https:\/\/www.pelosypatas.es\/<\/div><\/div>\n\n\n\n<p class=\"has-text-align-left\"><div class=\"su-service\"><div class=\"su-service-title\" style=\"padding-left:46px;min-height:32px;line-height:32px\"><i class=\"sui sui-clock-o\" style=\"font-size:32px;color:#2471a3\"><\/i> <strong>Horarios<\/strong><\/div><div class=\"su-service-content su-u-clearfix su-u-trim\" style=\"padding-left:46px\">\n\n\n\n<figure class=\"wp-block-table\"><table><tbody><tr><td><strong>Lunes<\/strong><\/td><td>lunes: 10:30\u201314:00, 16:30\u201320:00<\/td><\/tr><tr><td><strong>Martes<\/strong><\/td><td>martes: 10:30\u201314:00, 16:30\u201320:00<\/td><\/tr><tr><td><strong>Mi\u00e9rcoles<\/strong><\/td><td>mi\u00e9rcoles: 10:30\u201314:00, 16:30\u201320:00<\/td><\/tr><tr><td><strong>Jueves<\/strong><\/td><td>jueves: 10:30\u201314:00, 16:30\u201320:00<\/td><\/tr><tr><td><strong>Viernes<\/strong><\/td><td>viernes: 10:30\u201314:00, 16:30\u201320:00<\/td><\/tr><tr><td><strong>S\u00e1bado<\/strong><\/td><td>s\u00e1bado: Cerrado<\/td><\/tr><tr><td><strong>Domingo<\/strong><\/td><td>domingo: Cerrado<\/td><\/tr><\/tbody><\/table><\/figure>\n\n\n\n<\/div><\/div>\n\n\n\n<div class=\"su-service\"><div class=\"su-service-title\" style=\"padding-left:46px;min-height:32px;line-height:32px\"><i class=\"sui sui-star\" style=\"font-size:32px;color:#2471a3\"><\/i> Valoraci\u00f3n de los clientes<\/div><div class=\"su-service-content su-u-clearfix su-u-trim\" style=\"padding-left:46px\">4.9 \/ 5 (148 votos) <\/div><\/div>\n<\/div>\n<\/div>\n\n\n\n<div class=\"wp-block-columns is-layout-flex wp-container-core-columns-is-layout-9d6595d7 wp-block-columns-is-layout-flex\">\n<div class=\"wp-block-column mapa2 is-layout-flow wp-block-column-is-layout-flow\">\n<div class=\"su-gmap su-u-responsive-media-yes mapa\"><iframe loading=\"lazy\" width=\"600\" height=\"280\" src=\"\/\/maps.google.com\/maps?q=Peluquer%C3%ADa%2C%20Guarder%C3%ADa%20Y%20Educaci%C3%B3n%20Canina%20Pelos%20%26amp%3B%20Patas%2C%20Tr.%C2%AA%20del%20Convento%2C%208%2C%20Bajo%2C%20Centro%2C%2033202%20Gij%C3%B3n%2C%20Asturias&amp;output=embed&amp;z=20\" title=\"\"><\/iframe><\/div>\n<\/div>\n<\/div>\n\n\n\n<div class=\"wp-block-columns is-layout-flex wp-container-core-columns-is-layout-9d6595d7 wp-block-columns-is-layout-flex\">\n<div class=\"wp-block-column is-layout-flow wp-block-column-is-layout-flow\"><a href=\"https:\/\/www.adiestradorcanino.com\/webdelperro\/asturias\/gijon\/adiestramiento-canino-peluqueria-guarderia-y-educacion-canina-pelos-patas-en-gijon-asturias\/\" style=\"width:100%;text-align:center;border-radius:6px;background-color:#2471a3;color:#ffffff;padding:16px 26px;text-decoration:none;display:inline-block;font-weight:600;\">Ver negocio<\/a>\n<\/div>\n<\/div>\n\n<h2 class=\"wp-block-heading\"><strong>Perroteca Xix\u00f3n<\/strong><\/h2>\n\n\n\n<div class=\"wp-block-columns nc-fichas-en-categorias is-layout-flex wp-container-core-columns-is-layout-9d6595d7 wp-block-columns-is-layout-flex\">\n<div class=\"wp-block-column is-vertically-aligned-center is-layout-flow wp-block-column-is-layout-flow\">\n<figure class=\"wp-block-image size-full\"><img decoding=\"async\" src=\"https:\/\/www.adiestradorcanino.com\/webdelperro\/wp-content\/uploads\/2025\/07\/Perroteca-Xixon.jpg\" alt=\"Negocio Perroteca Xix\u00f3n\" class=\"wp-image-19766\"\/><\/figure>\n\n\n\n<p><\/p>\n<\/div>\n\n\n\n<div class=\"wp-block-column is-vertically-aligned-center is-layout-flow wp-block-column-is-layout-flow\">\n<div class=\"su-service\"><div class=\"su-service-title\" style=\"padding-left:46px;min-height:32px;line-height:32px\"><i class=\"sui sui-user\" style=\"font-size:32px;color:#2471a3\"><\/i> <strong>Nombre<\/strong><\/div><div class=\"su-service-content su-u-clearfix su-u-trim\" style=\"padding-left:46px\">Perroteca Xix\u00f3n<\/div><\/div>\n\n\n\n<div class=\"su-service\"><div class=\"su-service-title\" style=\"padding-left:46px;min-height:32px;line-height:32px\"><i class=\"sui sui-map-marker\" style=\"font-size:32px;color:#2471a3\"><\/i> <strong>Direcci\u00f3n<\/strong><\/div><div class=\"su-service-content su-u-clearfix su-u-trim\" style=\"padding-left:46px\">C. Decano Prendes Pando, 23, Centro, 33208 Gij\u00f3n, Asturias<\/div><\/div>\n\n\n\n<div class=\"su-service\"><div class=\"su-service-title\" style=\"padding-left:46px;min-height:32px;line-height:32px\"><i class=\"sui sui-volume-control-phone\" style=\"font-size:32px;color:#2471a3\"><\/i> <strong>Tel\u00e9fono<\/strong><\/div><div class=\"su-service-content su-u-clearfix su-u-trim\" style=\"padding-left:46px\">624 08 28 81<\/div><\/div>\n\n\n\n<div class=\"su-service\"><div class=\"su-service-title\" style=\"padding-left:46px;min-height:32px;line-height:32px\"><i class=\"sui sui-globe\" style=\"font-size:32px;color:#2471a3\"><\/i> <strong>Sitio web<\/strong><\/div><div class=\"su-service-content su-u-clearfix su-u-trim\" style=\"padding-left:46px\"><\/div><\/div>\n\n\n\n<p class=\"has-text-align-left\"><div class=\"su-service\"><div class=\"su-service-title\" style=\"padding-left:46px;min-height:32px;line-height:32px\"><i class=\"sui sui-clock-o\" style=\"font-size:32px;color:#2471a3\"><\/i> <strong>Horarios<\/strong><\/div><div class=\"su-service-content su-u-clearfix su-u-trim\" style=\"padding-left:46px\">\n\n\n\n<figure class=\"wp-block-table\"><table><tbody><tr><td><strong>Lunes<\/strong><\/td><td>lunes: 8:00\u201320:00<\/td><\/tr><tr><td><strong>Martes<\/strong><\/td><td>martes: 8:00\u201320:00<\/td><\/tr><tr><td><strong>Mi\u00e9rcoles<\/strong><\/td><td>mi\u00e9rcoles: 8:00\u201320:00<\/td><\/tr><tr><td><strong>Jueves<\/strong><\/td><td>jueves: 8:00\u201320:00<\/td><\/tr><tr><td><strong>Viernes<\/strong><\/td><td>viernes: 8:00\u201320:00<\/td><\/tr><tr><td><strong>S\u00e1bado<\/strong><\/td><td>s\u00e1bado: Cerrado<\/td><\/tr><tr><td><strong>Domingo<\/strong><\/td><td>domingo: Cerrado<\/td><\/tr><\/tbody><\/table><\/figure>\n\n\n\n<\/div><\/div>\n\n\n\n<div class=\"su-service\"><div class=\"su-service-title\" style=\"padding-left:46px;min-height:32px;line-height:32px\"><i class=\"sui sui-star\" style=\"font-size:32px;color:#2471a3\"><\/i> Valoraci\u00f3n de los clientes<\/div><div class=\"su-service-content su-u-clearfix su-u-trim\" style=\"padding-left:46px\">4.9 \/ 5 (66 votos) <\/div><\/div>\n<\/div>\n<\/div>\n\n\n\n<div class=\"wp-block-columns is-layout-flex wp-container-core-columns-is-layout-9d6595d7 wp-block-columns-is-layout-flex\">\n<div class=\"wp-block-column mapa2 is-layout-flow wp-block-column-is-layout-flow\">\n<div class=\"su-gmap su-u-responsive-media-yes mapa\"><iframe loading=\"lazy\" width=\"600\" height=\"280\" src=\"\/\/maps.google.com\/maps?q=Perroteca%20Xix%C3%B3n%2C%20C.%20Decano%20Prendes%20Pando%2C%2023%2C%20Centro%2C%2033208%20Gij%C3%B3n%2C%20Asturias&amp;output=embed&amp;z=20\" title=\"\"><\/iframe><\/div>\n<\/div>\n<\/div>\n\n\n\n<div class=\"wp-block-columns is-layout-flex wp-container-core-columns-is-layout-9d6595d7 wp-block-columns-is-layout-flex\">\n<div class=\"wp-block-column is-layout-flow wp-block-column-is-layout-flow\"><a href=\"https:\/\/www.adiestradorcanino.com\/webdelperro\/asturias\/gijon\/adiestramiento-canino-perroteca-xixon-en-gijon-asturias\/\" style=\"width:100%;text-align:center;border-radius:6px;background-color:#2471a3;color:#ffffff;padding:16px 26px;text-decoration:none;display:inline-block;font-weight:600;\">Ver negocio<\/a>\n<\/div>\n<\/div>\n\n<div class=\"concl\">En este espacio descubrir\u00e1s soluciones validadas y recomendadas de adiestramiento canino en Gij\u00f3n. Incrementa el salud de tu perro y desarrolla una conexi\u00f3n equilibrada y feliz a partir de ahora.<br \/><br \/>Descubre las m\u00e1s recomendadas alternativas de adiestramiento canino en Gij\u00f3n y localiza al especialista id\u00f3neo para colaborar contigo a entender mejor a tu perro y alcanzar una convivencia armoniosa.<\/div>","protected":false},"excerpt":{"rendered":"<p>La educaci\u00f3n de perros en Gij\u00f3n resulta fundamental para mejorar la interacci\u00f3n con tu mascota. En este sitio puedes localizar adiestradores y centros especializados que te asistir\u00e1n a educar a su mascota con m\u00e9todos fundamentados en el trato respetuoso y la interacci\u00f3n. Ya sea que est\u00e9s buscando obediencia fundamental para un cachorro o la correcci\u00f3n [&hellip;]<\/p>\n","protected":false},"author":2,"featured_media":0,"parent":7737,"menu_order":0,"comment_status":"closed","ping_status":"closed","template":"","meta":{"_et_pb_use_builder":"","_et_pb_old_content":"","_et_gb_content_width":"","footnotes":""},"tags":[842],"class_list":["post-7739","page","type-page","status-publish","hentry","tag-asturias"],"_links":{"self":[{"href":"https:\/\/www.adiestradorcanino.com\/webdelperro\/wp-json\/wp\/v2\/pages\/7739","targetHints":{"allow":["GET"]}}],"collection":[{"href":"https:\/\/www.adiestradorcanino.com\/webdelperro\/wp-json\/wp\/v2\/pages"}],"about":[{"href":"https:\/\/www.adiestradorcanino.com\/webdelperro\/wp-json\/wp\/v2\/types\/page"}],"author":[{"embeddable":true,"href":"https:\/\/www.adiestradorcanino.com\/webdelperro\/wp-json\/wp\/v2\/users\/2"}],"replies":[{"embeddable":true,"href":"https:\/\/www.adiestradorcanino.com\/webdelperro\/wp-json\/wp\/v2\/comments?post=7739"}],"version-history":[{"count":0,"href":"https:\/\/www.adiestradorcanino.com\/webdelperro\/wp-json\/wp\/v2\/pages\/7739\/revisions"}],"up":[{"embeddable":true,"href":"https:\/\/www.adiestradorcanino.com\/webdelperro\/wp-json\/wp\/v2\/pages\/7737"}],"wp:attachment":[{"href":"https:\/\/www.adiestradorcanino.com\/webdelperro\/wp-json\/wp\/v2\/media?parent=7739"}],"wp:term":[{"taxonomy":"post_tag","embeddable":true,"href":"https:\/\/www.adiestradorcanino.com\/webdelperro\/wp-json\/wp\/v2\/tags?post=7739"}],"curies":[{"name":"wp","href":"https:\/\/api.w.org\/{rel}","templated":true}]}}