{"id":10206,"date":"2025-07-09T08:06:23","date_gmt":"2025-07-09T08:06:23","guid":{"rendered":"https:\/\/www.adiestradorcanino.com\/webdelperro\/girona\/blanes\/adiestramiento-canino-educador-canino-fali-nondedeu-en-blanes-girona\/"},"modified":"2025-07-09T08:06:23","modified_gmt":"2025-07-09T08:06:23","slug":"adiestramiento-canino-educador-canino-fali-nondedeu-en-blanes-girona","status":"publish","type":"page","link":"https:\/\/www.adiestradorcanino.com\/webdelperro\/girona\/blanes\/adiestramiento-canino-educador-canino-fali-nondedeu-en-blanes-girona\/","title":{"rendered":"Adiestramiento canino Educador Canino &#8211; Fali Nondedeu en Blanes, Girona"},"content":{"rendered":"\n<p>En caso de que est\u00e1s en la b\u00fasqueda de un espacio confiable para el adiestramiento de perros en Blanes,  Educador Canino &#8211; Fali Nondedeu se presenta como una alternativa destacada. Este centro se dedica con mascotas de todas las edades y razas, siempre utilizando t\u00e9cnicas respetuosos y tambi\u00e9n eficaces.<\/p>\n\n\n\n<h2 class=\"wp-block-heading has-text-align-left nombreclinica\">Educador Canino &#8211; Fali Nondedeu<\/h2>\n\n\n\n<div class=\"wp-block-group is-layout-constrained wp-block-group-is-layout-constrained\">\n<div class=\"wp-block-columns nc-clase-ficha is-layout-flex wp-container-core-columns-is-layout-9d6595d7 wp-block-columns-is-layout-flex\">\n<div class=\"wp-block-column is-vertically-aligned-center is-layout-flow wp-block-column-is-layout-flow\">\n<figure class=\"wp-block-image size-full\"><img decoding=\"async\" src=\"https:\/\/www.adiestradorcanino.com\/webdelperro\/wp-content\/uploads\/2025\/07\/Educador-Canino-Fali-Nondedeu.png\" alt=\"Educador Canino - Fali Nondedeu\" class=\"wp-image-19766\"\/><\/figure>\n\n\n\n<p>Entre nuestros servicios m\u00e1s demandados se encuentran la obediencia b\u00e1sica, la correcci\u00f3n de conductas inapropiadas, la interacci\u00f3n con otros animales y las clases espec\u00edficas para cachorros. Adem\u00e1s, en nuestro centro se adaptan a las necesidades espec\u00edficas de cada hogar y su animal.<\/p>\n<\/div>\n\n\n\n<div class=\"wp-block-column is-vertically-aligned-center is-layout-flow wp-block-column-is-layout-flow\">\n<div class=\"su-service\"><div class=\"su-service-title\" style=\"padding-left:46px;min-height:32px;line-height:32px\"><i class=\"sui sui-user\" style=\"font-size:32px;color:#2471a3\"><\/i> <strong>Nombre<\/strong><\/div><div class=\"su-service-content su-u-clearfix su-u-trim\" style=\"padding-left:46px\">Educador Canino &#8211; Fali Nondedeu<\/div><\/div>\n\n\n\n<div class=\"su-service\"><div class=\"su-service-title\" style=\"padding-left:46px;min-height:32px;line-height:32px\"><i class=\"sui sui-map-marker\" style=\"font-size:32px;color:#2471a3\"><\/i> <strong>Direcci\u00f3n<\/strong><\/div><div class=\"su-service-content su-u-clearfix su-u-trim\" style=\"padding-left:46px\">C\/ d&#8217;Anselm Clav\u00e9, 99, oficina 11, 17300 Blanes, Girona<\/div><\/div>\n\n\n\n<div class=\"su-service\"><div class=\"su-service-title\" style=\"padding-left:46px;min-height:32px;line-height:32px\"><i class=\"sui sui-volume-control-phone\" style=\"font-size:32px;color:#2471a3\"><\/i> <strong>Tel\u00e9fono<\/strong><\/div><div class=\"su-service-content su-u-clearfix su-u-trim\" style=\"padding-left:46px\">606 68 10 71<\/div><\/div>\n\n\n\n<div class=\"su-service\"><div class=\"su-service-title\" style=\"padding-left:46px;min-height:32px;line-height:32px\"><i class=\"sui sui-globe\" style=\"font-size:32px;color:#2471a3\"><\/i> <strong>Sitio web<\/strong><\/div><div class=\"su-service-content su-u-clearfix su-u-trim\" style=\"padding-left:46px\">https:\/\/www.educadorcanino.es\/<\/div><\/div>\n\n\n\n<div class=\"su-service\"><div class=\"su-service-title\" style=\"padding-left:46px;min-height:32px;line-height:32px\"><i class=\"sui sui-star\" style=\"font-size:32px;color:#2471a3\"><\/i> Valoraci\u00f3n de los clientes<\/div><div class=\"su-service-content su-u-clearfix su-u-trim\" style=\"padding-left:46px\">5 \/ 5 (20)<\/div><\/div>\n<\/div>\n<\/div>\n<\/div>\n\n\n\n<div class=\"wp-block-columns is-layout-flex wp-container-core-columns-is-layout-9d6595d7 wp-block-columns-is-layout-flex\">\n<div class=\"wp-block-column mapa2 is-layout-flow wp-block-column-is-layout-flow\">\n<h2 class=\"wp-block-heading\">Ubicaci\u00f3n de Educador Canino &#8211; Fali Nondedeu<\/h2>\n\n\n\n<div class=\"su-gmap su-u-responsive-media-yes mapa\"><iframe loading=\"lazy\" width=\"600\" height=\"280\" src=\"\/\/maps.google.com\/maps?q=Educador%20Canino%20-%20Fali%20Nondedeu%2C%20C%2F%20d%26%23039%3BAnselm%20Clav%C3%A9%2C%2099%2C%20oficina%2011%2C%2017300%20Blanes%2C%20Girona&amp;output=embed&amp;z=20\" title=\"\"><\/iframe><\/div>\n\n\n\n<h2 class=\"wp-block-heading\">Horarios de Educador Canino &#8211; Fali Nondedeu<\/h2>\n\n\n\n<figure class=\"wp-block-table\"><table><tbody><tr><td><strong>Lunes<\/strong><\/td><td>lunes: 9:00\u201320:00<\/td><\/tr><tr><td><strong>Martes<\/strong><\/td><td>martes: 9:00\u201320:00<\/td><\/tr><tr><td><strong>Mi\u00e9rcoles<\/strong><\/td><td>mi\u00e9rcoles: 9:00\u201320:00<\/td><\/tr><tr><td><strong>Jueves<\/strong><\/td><td>jueves: 9:00\u201320:00<\/td><\/tr><tr><td><strong>Viernes<\/strong><\/td><td>viernes: 9:00\u201320:00<\/td><\/tr><tr><td><strong>S\u00e1bado<\/strong><\/td><td>s\u00e1bado: 9:00\u201314:00<\/td><\/tr><tr><td><strong>Domingo<\/strong><\/td><td>domingo: Cerrado<\/td><\/tr><\/tbody><\/table><\/figure>\n\n\n\n<h2 class=\"wp-block-heading\">Tel\u00e9fono de Educador Canino &#8211; Fali Nondedeu<\/h2>\n\n\n\n<p>Si quieres comunicarte con <strong>Educador Canino &#8211; Fali Nondedeu<\/strong>, puedes hacerlo directamente llamando al siguiente n\u00famero:<\/p>\n\n\n\n<div class=\"wp-block-buttons is-content-justification-center is-layout-flex wp-container-core-buttons-is-layout-16018d1d wp-block-buttons-is-layout-flex\">\n<div class=\"wp-block-button is-style-fill\"><a class=\"wp-block-button__link has-background has-medium-font-size has-custom-font-size wp-element-button\" href=\"tel:606 68 10 71\" style=\"border-radius:6px;background-color:#2471a3\">Llamar ahora<\/a><\/div>\n<\/div>\n\n\n\n<h2 class=\"wp-block-heading\">M\u00e1s informaci\u00f3n<\/h2>\n\n\n\n<p>En el centro de adiestramiento canino Educador Canino &#8211; Fali Nondedeu, ubicado en C\/ d&#8217;Anselm Clav\u00e9, 99, oficina 11, 17300 Blanes, Girona, ofrecemos un enfoque integral para adiestrar perros que combina obediencia, socializaci\u00f3n y modificaci\u00f3n de conducta. Nuestro equipo de adiestradores de perros en Girona est\u00e1 comprometido a proporcionar un servicio de calidad adaptado a las necesidades individuales de cada mascota, garantizando as\u00ed una convivencia armoniosa entre el perro y su familia. Con t\u00e9cnicas basadas en el respeto y la comunicaci\u00f3n positiva, nuestros programas de adiestramiento canino en Blanes destacan por su enfoque personalizado, lo que nos diferencia de otros centros. Si buscas un lugar donde educar a tu perro de manera positiva y profesional, en Educador Canino &#8211; Fali Nondedeu encontrar\u00e1s la soluci\u00f3n ideal para lograr un v\u00ednculo fuerte y saludable con tu fiel compa\u00f1ero.<\/p>\n\n\n\n<p>Ubicado en C\/ d&#8217;Anselm Clav\u00e9, 99, oficina 11, 17300 Blanes, Girona, este centro de adiestramiento canino en Blanes es reconocido por su atenci\u00f3n afectuoso, expertise y resultados evidentes. Revisa las rese\u00f1as de otros usuarios para descubrir su experiencia.<\/p>\n<\/div>\n<\/div>\n\n\n\n<p><\/p>\n\n\n\n<p>Si necesitas conocer otros (PONER NEGOCIO, ej: asesor\u00eda legal, decoraci\u00f3n de eventos, instalaciones el\u00e9ctricas) puedes <strong><a href=\"\/\">visitar nuestra p\u00e1gina principal<\/a><\/strong>.<\/p>\n","protected":false},"excerpt":{"rendered":"<p>En caso de que est\u00e1s en la b\u00fasqueda de un espacio confiable para el adiestramiento de perros en Blanes, Educador Canino &#8211; Fali Nondedeu se presenta como una alternativa destacada. Este centro se dedica con mascotas de todas las edades y razas, siempre utilizando t\u00e9cnicas respetuosos y tambi\u00e9n eficaces. Educador Canino &#8211; Fali Nondedeu Entre [&hellip;]<\/p>\n","protected":false},"author":2,"featured_media":0,"parent":8119,"menu_order":0,"comment_status":"closed","ping_status":"closed","template":"","meta":{"_et_pb_use_builder":"","_et_pb_old_content":"","_et_gb_content_width":"","footnotes":""},"tags":[1140],"class_list":["post-10206","page","type-page","status-publish","hentry","tag-blanes"],"_links":{"self":[{"href":"https:\/\/www.adiestradorcanino.com\/webdelperro\/wp-json\/wp\/v2\/pages\/10206","targetHints":{"allow":["GET"]}}],"collection":[{"href":"https:\/\/www.adiestradorcanino.com\/webdelperro\/wp-json\/wp\/v2\/pages"}],"about":[{"href":"https:\/\/www.adiestradorcanino.com\/webdelperro\/wp-json\/wp\/v2\/types\/page"}],"author":[{"embeddable":true,"href":"https:\/\/www.adiestradorcanino.com\/webdelperro\/wp-json\/wp\/v2\/users\/2"}],"replies":[{"embeddable":true,"href":"https:\/\/www.adiestradorcanino.com\/webdelperro\/wp-json\/wp\/v2\/comments?post=10206"}],"version-history":[{"count":0,"href":"https:\/\/www.adiestradorcanino.com\/webdelperro\/wp-json\/wp\/v2\/pages\/10206\/revisions"}],"up":[{"embeddable":true,"href":"https:\/\/www.adiestradorcanino.com\/webdelperro\/wp-json\/wp\/v2\/pages\/8119"}],"wp:attachment":[{"href":"https:\/\/www.adiestradorcanino.com\/webdelperro\/wp-json\/wp\/v2\/media?parent=10206"}],"wp:term":[{"taxonomy":"post_tag","embeddable":true,"href":"https:\/\/www.adiestradorcanino.com\/webdelperro\/wp-json\/wp\/v2\/tags?post=10206"}],"curies":[{"name":"wp","href":"https:\/\/api.w.org\/{rel}","templated":true}]}}