{"id":10197,"date":"2025-07-09T08:05:24","date_gmt":"2025-07-09T08:05:24","guid":{"rendered":"https:\/\/www.adiestradorcanino.com\/webdelperro\/girona\/celra\/adiestramiento-canino-centre-cani-dracan-en-celra-girona\/"},"modified":"2025-07-09T08:05:24","modified_gmt":"2025-07-09T08:05:24","slug":"adiestramiento-canino-centre-cani-dracan-en-celra-girona","status":"publish","type":"page","link":"https:\/\/www.adiestradorcanino.com\/webdelperro\/girona\/celra\/adiestramiento-canino-centre-cani-dracan-en-celra-girona\/","title":{"rendered":"Adiestramiento canino Centre Can\u00cd Dracan en Celr\u00e0, Girona"},"content":{"rendered":"\n<p>En caso de que buscas buscando un espacio confiable para el adiestramiento canino en el \u00e1rea de Celr\u00e0, este centro se presenta como una excelente opci\u00f3n. Este centro se dedica en el entrenamiento de perros sin importar la raza o edad, siempre t\u00e9cnicas respetuosos y eficaces.<\/p>\n\n\n\n<h2 class=\"wp-block-heading has-text-align-left nombreclinica\">Centre Can\u00cd Dracan<\/h2>\n\n\n\n<div class=\"wp-block-group is-layout-constrained wp-block-group-is-layout-constrained\">\n<div class=\"wp-block-columns nc-clase-ficha is-layout-flex wp-container-core-columns-is-layout-9d6595d7 wp-block-columns-is-layout-flex\">\n<div class=\"wp-block-column is-vertically-aligned-center is-layout-flow wp-block-column-is-layout-flow\">\n<figure class=\"wp-block-image size-full\"><img decoding=\"async\" src=\"https:\/\/www.adiestradorcanino.com\/webdelperro\/wp-content\/uploads\/2025\/07\/Centre-CanI-Dracan.jpg\" alt=\"Centre Can\u00cd Dracan\" class=\"wp-image-19766\"\/><\/figure>\n\n\n\n<p>Dentro de nuestros servicios m\u00e1s demandados se encuentran los obediencia b\u00e1sica, la correcci\u00f3n de conductas inapropiadas, la interacci\u00f3n con otros animales y las sesiones especiales para cachorros. Asimismo, en nuestro centro se adaptan a las particularidades de cada familia y animal.<\/p>\n<\/div>\n\n\n\n<div class=\"wp-block-column is-vertically-aligned-center is-layout-flow wp-block-column-is-layout-flow\">\n<div class=\"su-service\"><div class=\"su-service-title\" style=\"padding-left:46px;min-height:32px;line-height:32px\"><i class=\"sui sui-user\" style=\"font-size:32px;color:#2471a3\"><\/i> <strong>Nombre<\/strong><\/div><div class=\"su-service-content su-u-clearfix su-u-trim\" style=\"padding-left:46px\">Centre Can\u00cd Dracan<\/div><\/div>\n\n\n\n<div class=\"su-service\"><div class=\"su-service-title\" style=\"padding-left:46px;min-height:32px;line-height:32px\"><i class=\"sui sui-map-marker\" style=\"font-size:32px;color:#2471a3\"><\/i> <strong>Direcci\u00f3n<\/strong><\/div><div class=\"su-service-content su-u-clearfix su-u-trim\" style=\"padding-left:46px\">Carrer Falgueres, 19, 17460 Celr\u00e0, Girona<\/div><\/div>\n\n\n\n<div class=\"su-service\"><div class=\"su-service-title\" style=\"padding-left:46px;min-height:32px;line-height:32px\"><i class=\"sui sui-volume-control-phone\" style=\"font-size:32px;color:#2471a3\"><\/i> <strong>Tel\u00e9fono<\/strong><\/div><div class=\"su-service-content su-u-clearfix su-u-trim\" style=\"padding-left:46px\">620 44 22 75<\/div><\/div>\n\n\n\n<div class=\"su-service\"><div class=\"su-service-title\" style=\"padding-left:46px;min-height:32px;line-height:32px\"><i class=\"sui sui-globe\" style=\"font-size:32px;color:#2471a3\"><\/i> <strong>Sitio web<\/strong><\/div><div class=\"su-service-content su-u-clearfix su-u-trim\" style=\"padding-left:46px\">http:\/\/www.dracangirona.com\/<\/div><\/div>\n\n\n\n<div class=\"su-service\"><div class=\"su-service-title\" style=\"padding-left:46px;min-height:32px;line-height:32px\"><i class=\"sui sui-star\" style=\"font-size:32px;color:#2471a3\"><\/i> Valoraci\u00f3n de los clientes<\/div><div class=\"su-service-content su-u-clearfix su-u-trim\" style=\"padding-left:46px\">4.8 \/ 5 (88)<\/div><\/div>\n<\/div>\n<\/div>\n<\/div>\n\n\n\n<div class=\"wp-block-columns is-layout-flex wp-container-core-columns-is-layout-9d6595d7 wp-block-columns-is-layout-flex\">\n<div class=\"wp-block-column mapa2 is-layout-flow wp-block-column-is-layout-flow\">\n<h2 class=\"wp-block-heading\">Ubicaci\u00f3n de Centre Can\u00cd Dracan<\/h2>\n\n\n\n<div class=\"su-gmap su-u-responsive-media-yes mapa\"><iframe loading=\"lazy\" width=\"600\" height=\"280\" src=\"\/\/maps.google.com\/maps?q=Centre%20Can%C3%8D%20Dracan%2C%20Carrer%20Falgueres%2C%2019%2C%2017460%20Celr%C3%A0%2C%20Girona&amp;output=embed&amp;z=20\" title=\"\"><\/iframe><\/div>\n\n\n\n<h2 class=\"wp-block-heading\">Horarios de Centre Can\u00cd Dracan<\/h2>\n\n\n\n<figure class=\"wp-block-table\"><table><tbody><tr><td><strong>Lunes<\/strong><\/td><td>lunes: 9:00\u201313:00, 16:00\u201320:00<\/td><\/tr><tr><td><strong>Martes<\/strong><\/td><td>martes: 9:00\u201313:00, 16:00\u201320:00<\/td><\/tr><tr><td><strong>Mi\u00e9rcoles<\/strong><\/td><td>mi\u00e9rcoles: 9:00\u201313:00, 16:00\u201320:00<\/td><\/tr><tr><td><strong>Jueves<\/strong><\/td><td>jueves: 9:00\u201313:00, 16:00\u201320:00<\/td><\/tr><tr><td><strong>Viernes<\/strong><\/td><td>viernes: 9:00\u201320:00<\/td><\/tr><tr><td><strong>S\u00e1bado<\/strong><\/td><td>s\u00e1bado: 9:00\u201313:00<\/td><\/tr><tr><td><strong>Domingo<\/strong><\/td><td>domingo: Cerrado<\/td><\/tr><\/tbody><\/table><\/figure>\n\n\n\n<h2 class=\"wp-block-heading\">Tel\u00e9fono de Centre Can\u00cd Dracan<\/h2>\n\n\n\n<p>Si quieres comunicarte con <strong>Centre Can\u00cd Dracan<\/strong>, puedes hacerlo directamente llamando al siguiente n\u00famero:<\/p>\n\n\n\n<div class=\"wp-block-buttons is-content-justification-center is-layout-flex wp-container-core-buttons-is-layout-16018d1d wp-block-buttons-is-layout-flex\">\n<div class=\"wp-block-button is-style-fill\"><a class=\"wp-block-button__link has-background has-medium-font-size has-custom-font-size wp-element-button\" href=\"tel:620 44 22 75\" style=\"border-radius:6px;background-color:#2471a3\">Llamar ahora<\/a><\/div>\n<\/div>\n\n\n\n<h2 class=\"wp-block-heading\">M\u00e1s informaci\u00f3n<\/h2>\n\n\n\n<p>En el Centre Can\u00ed Dracan, ubicado en Carrer Falgueres, 19, 17460 Celr\u00e0, Girona, ofrecemos un enfoque integral y personalizado para el adiestramiento canino en Celr\u00e0. Nuestro equipo de adiestradores de perros en Girona se especializa en t\u00e9cnicas de obediencia, socializaci\u00f3n y modificaci\u00f3n de conducta, asegurando que cada perro reciba la atenci\u00f3n y el cuidado que necesita para desarrollar un comportamiento equilibrado y saludable. A diferencia de otros centros, en Dracan priorizamos el v\u00ednculo entre el perro y su due\u00f1o, utilizando m\u00e9todos positivos que fomentan la confianza y el respeto mutuo. Ya sea que necesites adiestrar perros para mejorar su comportamiento en casa o en situaciones sociales, en Centre Can\u00ed Dracan encontrar\u00e1s un ambiente acogedor y profesional que transformar\u00e1 la vida de tu mascota y enriquecer\u00e1 su relaci\u00f3n contigo.<\/p>\n\n\n\n<p>Situado en Carrer Falgueres, 19, 17460 Celr\u00e0, Girona, este centro de adiestramiento canino en Celr\u00e0 se considera famoso por su trato afectuoso, seriedad y resultados visibles. Mira las opiniones de otros clientes para entender su opini\u00f3n.<\/p>\n<\/div>\n<\/div>\n\n\n\n<p><\/p>\n\n\n\n<p>Si necesitas conocer otros (PONER NEGOCIO, ej: asesor\u00eda legal, decoraci\u00f3n de eventos, instalaciones el\u00e9ctricas) puedes <strong><a href=\"\/\">visitar nuestra p\u00e1gina principal<\/a><\/strong>.<\/p>\n","protected":false},"excerpt":{"rendered":"<p>En caso de que buscas buscando un espacio confiable para el adiestramiento canino en el \u00e1rea de Celr\u00e0, este centro se presenta como una excelente opci\u00f3n. Este centro se dedica en el entrenamiento de perros sin importar la raza o edad, siempre t\u00e9cnicas respetuosos y eficaces. Centre Can\u00cd Dracan Dentro de nuestros servicios m\u00e1s demandados [&hellip;]<\/p>\n","protected":false},"author":2,"featured_media":0,"parent":8098,"menu_order":0,"comment_status":"closed","ping_status":"closed","template":"","meta":{"_et_pb_use_builder":"","_et_pb_old_content":"","_et_gb_content_width":"","footnotes":""},"tags":[1134],"class_list":["post-10197","page","type-page","status-publish","hentry","tag-celra"],"_links":{"self":[{"href":"https:\/\/www.adiestradorcanino.com\/webdelperro\/wp-json\/wp\/v2\/pages\/10197","targetHints":{"allow":["GET"]}}],"collection":[{"href":"https:\/\/www.adiestradorcanino.com\/webdelperro\/wp-json\/wp\/v2\/pages"}],"about":[{"href":"https:\/\/www.adiestradorcanino.com\/webdelperro\/wp-json\/wp\/v2\/types\/page"}],"author":[{"embeddable":true,"href":"https:\/\/www.adiestradorcanino.com\/webdelperro\/wp-json\/wp\/v2\/users\/2"}],"replies":[{"embeddable":true,"href":"https:\/\/www.adiestradorcanino.com\/webdelperro\/wp-json\/wp\/v2\/comments?post=10197"}],"version-history":[{"count":0,"href":"https:\/\/www.adiestradorcanino.com\/webdelperro\/wp-json\/wp\/v2\/pages\/10197\/revisions"}],"up":[{"embeddable":true,"href":"https:\/\/www.adiestradorcanino.com\/webdelperro\/wp-json\/wp\/v2\/pages\/8098"}],"wp:attachment":[{"href":"https:\/\/www.adiestradorcanino.com\/webdelperro\/wp-json\/wp\/v2\/media?parent=10197"}],"wp:term":[{"taxonomy":"post_tag","embeddable":true,"href":"https:\/\/www.adiestradorcanino.com\/webdelperro\/wp-json\/wp\/v2\/tags?post=10197"}],"curies":[{"name":"wp","href":"https:\/\/api.w.org\/{rel}","templated":true}]}}